{"id":1851,"date":"2023-03-17T18:15:59","date_gmt":"2023-03-17T18:15:59","guid":{"rendered":"https:\/\/olympiquesspeciauxquebec.dev.gxi.co\/?page_id=1851"},"modified":"2025-12-09T16:55:17","modified_gmt":"2025-12-09T16:55:17","slug":"board-of-directors","status":"publish","type":"page","link":"https:\/\/olympiquesspeciauxquebec.ca\/en\/about-us\/board-of-directors\/","title":{"rendered":"Board of directors"},"content":{"rendered":"\t\t<div data-elementor-type=\"wp-page\" data-elementor-id=\"1851\" class=\"elementor elementor-1851 elementor-1657\" data-elementor-post-type=\"page\">\n\t\t\t\t\t\t<section class=\"elementor-section elementor-top-section elementor-element elementor-element-5ddf541 elementor-section-content-top elementor-section-boxed elementor-section-height-default elementor-section-height-default\" data-id=\"5ddf541\" data-element_type=\"section\" data-e-type=\"section\" data-settings=\"{&quot;background_background&quot;:&quot;classic&quot;}\">\n\t\t\t\t\t\t<div class=\"elementor-container elementor-column-gap-default\">\n\t\t\t\t\t<div class=\"elementor-column elementor-col-50 elementor-top-column elementor-element elementor-element-8e54316\" data-id=\"8e54316\" data-element_type=\"column\" data-e-type=\"column\">\n\t\t\t<div class=\"elementor-widget-wrap elementor-element-populated\">\n\t\t\t\t\t\t<section class=\"elementor-section elementor-inner-section elementor-element elementor-element-d28f435 elementor-section-boxed elementor-section-height-default elementor-section-height-default\" data-id=\"d28f435\" data-element_type=\"section\" data-e-type=\"section\">\n\t\t\t\t\t\t<div class=\"elementor-container elementor-column-gap-default\">\n\t\t\t\t\t<div class=\"elementor-column elementor-col-100 elementor-inner-column elementor-element elementor-element-0f4fcd6\" data-id=\"0f4fcd6\" data-element_type=\"column\" data-e-type=\"column\">\n\t\t\t<div class=\"elementor-widget-wrap elementor-element-populated\">\n\t\t\t\t\t\t<div class=\"elementor-element elementor-element-f2902dc elementor-widget elementor-widget-accordion\" data-id=\"f2902dc\" data-element_type=\"widget\" data-e-type=\"widget\" data-widget_type=\"accordion.default\">\n\t\t\t\t<div class=\"elementor-widget-container\">\n\t\t\t\t\t\t\t<div class=\"elementor-accordion\">\n\t\t\t\t\t\t\t<div class=\"elementor-accordion-item\">\n\t\t\t\t\t<div id=\"elementor-tab-title-2541\" class=\"elementor-tab-title\" data-tab=\"1\" role=\"button\" aria-controls=\"elementor-tab-content-2541\" aria-expanded=\"false\">\n\t\t\t\t\t\t\t\t\t\t\t\t\t<span class=\"elementor-accordion-icon elementor-accordion-icon-left\" aria-hidden=\"true\">\n\t\t\t\t\t\t\t\t\t\t\t\t\t\t\t<span class=\"elementor-accordion-icon-closed\"><i class=\"fas fa-plus\"><\/i><\/span>\n\t\t\t\t\t\t\t\t<span class=\"elementor-accordion-icon-opened\"><i class=\"fas fa-minus\"><\/i><\/span>\n\t\t\t\t\t\t\t\t\t\t\t\t\t\t<\/span>\n\t\t\t\t\t\t\t\t\t\t\t\t<a class=\"elementor-accordion-title\" tabindex=\"0\">Daniel Granger, president<\/a>\n\t\t\t\t\t<\/div>\n\t\t\t\t\t<div id=\"elementor-tab-content-2541\" class=\"elementor-tab-content elementor-clearfix\" data-tab=\"1\" role=\"region\" aria-labelledby=\"elementor-tab-title-2541\"><p>C.M., MBA, ARP, FSCRP<br \/><strong>ACJ Communication<\/strong><\/p><p><img fetchpriority=\"high\" decoding=\"async\" class=\"size-medium wp-image-6832 alignleft\" src=\"https:\/\/olympiquesspeciauxquebec.ca\/wp-content\/uploads\/2025\/02\/daniel-granger-2023-web-300x265.jpg\" alt=\"\" width=\"300\" height=\"265\" srcset=\"https:\/\/olympiquesspeciauxquebec.ca\/wp-content\/uploads\/2025\/02\/daniel-granger-2023-web-300x265.jpg 300w, https:\/\/olympiquesspeciauxquebec.ca\/wp-content\/uploads\/2025\/02\/daniel-granger-2023-web.jpg 416w\" sizes=\"(max-width: 300px) 100vw, 300px\" \/><\/p><p>Daniel Granger is the President of ACJ Communication, a communications and public relations firm. Previously, he served as Managing Director of the Quebec office of a global firm supporting Canadian, U.S., and multinational clients, and held the role of Partner and Vice-President of Communications Technologies at a national public relations firm.<\/p><p>As a lawyer by profession, he began his career in private practice and at Hydro-Qu\u00e9bec, focusing on labour and corporate law. He later transitioned to roles as Environmental Manager and Director of Public Relations and Communications, before serving as Vice-President of Communications and Public Affairs at Teleglobe.<\/p><p>He has served as President of the Soci\u00e9t\u00e9 des relationnistes du\u00a0Qu\u00e9bec (SRQ), the Canadian Public Relations Society (CPRS) and the HEC-Paris Alumni Association in Canada. He is President of Special Olympics Qu\u00e9bec and a former member of the Board of Directors of Special Olympics Canada. He is also President of the CPRS College of Fellows.<\/p><p>He holds a law degree from Universit\u00e9 de Montr\u00e9al, an MBA from \u00c9cole HEC de\u00a0Jouy-en-Josas, an MBA from the London Graduate School of Business Studies and an MBA from New York University\u2019s Stern Graduate School of Business Administration. He is a member of the Quebec Law Society, a member of the Order of Canada since 2018 and a Chevalier de l\u2019Ordre national du\u00a0Qu\u00e9bec since 2023.<\/p><\/div>\n\t\t\t\t<\/div>\n\t\t\t\t\t\t\t<div class=\"elementor-accordion-item\">\n\t\t\t\t\t<div id=\"elementor-tab-title-2542\" class=\"elementor-tab-title\" data-tab=\"2\" role=\"button\" aria-controls=\"elementor-tab-content-2542\" aria-expanded=\"false\">\n\t\t\t\t\t\t\t\t\t\t\t\t\t<span class=\"elementor-accordion-icon elementor-accordion-icon-left\" aria-hidden=\"true\">\n\t\t\t\t\t\t\t\t\t\t\t\t\t\t\t<span class=\"elementor-accordion-icon-closed\"><i class=\"fas fa-plus\"><\/i><\/span>\n\t\t\t\t\t\t\t\t<span class=\"elementor-accordion-icon-opened\"><i class=\"fas fa-minus\"><\/i><\/span>\n\t\t\t\t\t\t\t\t\t\t\t\t\t\t<\/span>\n\t\t\t\t\t\t\t\t\t\t\t\t<a class=\"elementor-accordion-title\" tabindex=\"0\">Martin Parent, vice-president<\/a>\n\t\t\t\t\t<\/div>\n\t\t\t\t\t<div id=\"elementor-tab-content-2542\" class=\"elementor-tab-content elementor-clearfix\" data-tab=\"2\" role=\"region\" aria-labelledby=\"elementor-tab-title-2542\"><p>Partenaire op\u00e9rationnel-Placements priv\u00e9s Qu\u00e9bec <br \/><strong>Caisse de d\u00e9p\u00f4t et placement du Qu\u00e9bec<\/strong><\/p><p><img decoding=\"async\" class=\"size-medium wp-image-2939 alignleft\" src=\"https:\/\/olympiquesspeciauxquebec.ca\/wp-content\/uploads\/2023\/05\/ca-martin-parent-1-257x300.jpg\" alt=\"\" width=\"257\" height=\"300\" srcset=\"https:\/\/olympiquesspeciauxquebec.ca\/wp-content\/uploads\/2023\/05\/ca-martin-parent-1-257x300.jpg 257w, https:\/\/olympiquesspeciauxquebec.ca\/wp-content\/uploads\/2023\/05\/ca-martin-parent-1.jpg 600w\" sizes=\"(max-width: 257px) 100vw, 257px\" \/><\/p><p>Martin Parent holds a bachelor\u2019s degree in business administration from the Universit\u00e9 du Qu\u00e9bec \u00e0 Montr\u00e9al, an MBA from the Sauder School of Business at the University of British Columbia and is also certified as a corporate director by Singapore Management University (SMU).<\/p><p>Martin has extensive marketing and general management experience in the agri-food and consumer products industries. Since the start of his career, Martin has worked with numerous clients in the food and retail sectors. He has managed marketing and sales for companies such as Pepsi Foods, Mars and Microcell Solutions, both in Quebec and abroad, notably in the United Arab Emirates, Thailand and Australia. He also held the position of CEO of Ultima Foods before its integration into Agropur, and that of the CEO of Mondelez Canada, where he was overseeing operations in Canada, including several manufacturing plants in Canada and the USA. He has been an operating partner at the Caisse de d\u00e9p\u00f4t et placement du Qu\u00e9bec since May 2022.<\/p><\/div>\n\t\t\t\t<\/div>\n\t\t\t\t\t\t\t<div class=\"elementor-accordion-item\">\n\t\t\t\t\t<div id=\"elementor-tab-title-2543\" class=\"elementor-tab-title\" data-tab=\"3\" role=\"button\" aria-controls=\"elementor-tab-content-2543\" aria-expanded=\"false\">\n\t\t\t\t\t\t\t\t\t\t\t\t\t<span class=\"elementor-accordion-icon elementor-accordion-icon-left\" aria-hidden=\"true\">\n\t\t\t\t\t\t\t\t\t\t\t\t\t\t\t<span class=\"elementor-accordion-icon-closed\"><i class=\"fas fa-plus\"><\/i><\/span>\n\t\t\t\t\t\t\t\t<span class=\"elementor-accordion-icon-opened\"><i class=\"fas fa-minus\"><\/i><\/span>\n\t\t\t\t\t\t\t\t\t\t\t\t\t\t<\/span>\n\t\t\t\t\t\t\t\t\t\t\t\t<a class=\"elementor-accordion-title\" tabindex=\"0\">Julie Mortreux, treasurer<\/a>\n\t\t\t\t\t<\/div>\n\t\t\t\t\t<div id=\"elementor-tab-content-2543\" class=\"elementor-tab-content elementor-clearfix\" data-tab=\"3\" role=\"region\" aria-labelledby=\"elementor-tab-title-2543\"><p>CPA, CIRP<br \/>Partenaire, Conseils financiers, <br \/><strong>Deloitte<\/strong><\/p><p><img decoding=\"async\" class=\"size-medium wp-image-6834 alignleft\" src=\"https:\/\/olympiquesspeciauxquebec.ca\/wp-content\/uploads\/2025\/02\/JulieMortreux-web-300x300.jpg\" alt=\"\" width=\"300\" height=\"300\" srcset=\"https:\/\/olympiquesspeciauxquebec.ca\/wp-content\/uploads\/2025\/02\/JulieMortreux-web-300x300.jpg 300w, https:\/\/olympiquesspeciauxquebec.ca\/wp-content\/uploads\/2025\/02\/JulieMortreux-web-150x150.jpg 150w, https:\/\/olympiquesspeciauxquebec.ca\/wp-content\/uploads\/2025\/02\/JulieMortreux-web.jpg 400w\" sizes=\"(max-width: 300px) 100vw, 300px\" \/><\/p><p>Julie holds a CPA, CIRP and SAI designation with 22 years\u2019 experience in restructuring, change management and corporate finance, with major consulting firms and a financial institution.<\/p><p>She has worked on numerous large-scale, complex Canadian restructurings in a variety of industries.<\/p><p>She has acted on files ranging from monitor under the Companies\u2019 Creditors Arrangement Act, trustee under the Bankruptcy and Insolvency Act, financial advisor to debtors and creditors.<\/p><p>She has a proven expertise in advising Canadian entrepreneurs in their recovery efforts.<\/p><p>Julie received the Jack Biddell Gold Medal for her highest score on the National Insolvency Examination and the CAIRP Award of Merit for practising her profession with excellence and distinguishing herself through leadership.<\/p><\/div>\n\t\t\t\t<\/div>\n\t\t\t\t\t\t\t<div class=\"elementor-accordion-item\">\n\t\t\t\t\t<div id=\"elementor-tab-title-2544\" class=\"elementor-tab-title\" data-tab=\"4\" role=\"button\" aria-controls=\"elementor-tab-content-2544\" aria-expanded=\"false\">\n\t\t\t\t\t\t\t\t\t\t\t\t\t<span class=\"elementor-accordion-icon elementor-accordion-icon-left\" aria-hidden=\"true\">\n\t\t\t\t\t\t\t\t\t\t\t\t\t\t\t<span class=\"elementor-accordion-icon-closed\"><i class=\"fas fa-plus\"><\/i><\/span>\n\t\t\t\t\t\t\t\t<span class=\"elementor-accordion-icon-opened\"><i class=\"fas fa-minus\"><\/i><\/span>\n\t\t\t\t\t\t\t\t\t\t\t\t\t\t<\/span>\n\t\t\t\t\t\t\t\t\t\t\t\t<a class=\"elementor-accordion-title\" tabindex=\"0\">Alexandre Bilodeau, administrator<\/a>\n\t\t\t\t\t<\/div>\n\t\t\t\t\t<div id=\"elementor-tab-content-2544\" class=\"elementor-tab-content elementor-clearfix\" data-tab=\"4\" role=\"region\" aria-labelledby=\"elementor-tab-title-2544\"><p>CPA, MSM, OLY,<br \/>Associ\u00e9 et Co-fondateur, <br \/><strong>A2 Partners<\/strong><\/p><p><img loading=\"lazy\" decoding=\"async\" class=\"size-medium wp-image-6838 alignleft\" src=\"https:\/\/olympiquesspeciauxquebec.ca\/wp-content\/uploads\/2025\/02\/2025-alexandre-bilodeau-300x264.jpg\" alt=\"\" width=\"300\" height=\"264\" srcset=\"https:\/\/olympiquesspeciauxquebec.ca\/wp-content\/uploads\/2025\/02\/2025-alexandre-bilodeau-300x264.jpg 300w, https:\/\/olympiquesspeciauxquebec.ca\/wp-content\/uploads\/2025\/02\/2025-alexandre-bilodeau.jpg 699w\" sizes=\"(max-width: 300px) 100vw, 300px\" \/><\/p><p>Alexandre Bilodeau is a Partner and cofounder of Partenaires\u00a0A2, a private equity firm dedicated to small and medium-sized companies in Qu\u00e9bec and Eastern Canada. Partenaires\u00a0A2 builds strong partnerships with management teams to propel the growth of portfolio companies through a collaborative and committed approach.<\/p><p>Prior to founding Partenaires\u00a0A2, Alexandre was an investment advisor at Walter Capital Partners, where he was involved in acquisition evaluation, due diligence and portfolio investment management. He also held positions at KPMG, first as an audit consultant, then as a senior consultant in transactional services.<\/p><p>Alexandre was an international freestyle skier before pursuing a career in finance. During his nine years on the World Cup circuit, he won numerous world championship titles. He made Canadian sports history by winning two Olympic gold medals, first at the Vancouver Games in 2010, then in 2014 in Sochi.<\/p><p>Alexandre holds a Dipl\u00f4me d\u2019\u00e9tudes sup\u00e9rieures sp\u00e9cialis\u00e9es (DESS) in accounting from HEC Montr\u00e9al, a Bachelor of Accounting from Concordia University\u2019s John Molson School of Business, and a Chartered Professional Accountant (CPA) designation.<\/p><\/div>\n\t\t\t\t<\/div>\n\t\t\t\t\t\t\t<div class=\"elementor-accordion-item\">\n\t\t\t\t\t<div id=\"elementor-tab-title-2545\" class=\"elementor-tab-title\" data-tab=\"5\" role=\"button\" aria-controls=\"elementor-tab-content-2545\" aria-expanded=\"false\">\n\t\t\t\t\t\t\t\t\t\t\t\t\t<span class=\"elementor-accordion-icon elementor-accordion-icon-left\" aria-hidden=\"true\">\n\t\t\t\t\t\t\t\t\t\t\t\t\t\t\t<span class=\"elementor-accordion-icon-closed\"><i class=\"fas fa-plus\"><\/i><\/span>\n\t\t\t\t\t\t\t\t<span class=\"elementor-accordion-icon-opened\"><i class=\"fas fa-minus\"><\/i><\/span>\n\t\t\t\t\t\t\t\t\t\t\t\t\t\t<\/span>\n\t\t\t\t\t\t\t\t\t\t\t\t<a class=\"elementor-accordion-title\" tabindex=\"0\">Patrick Boivin, administrator<\/a>\n\t\t\t\t\t<\/div>\n\t\t\t\t\t<div id=\"elementor-tab-content-2545\" class=\"elementor-tab-content elementor-clearfix\" data-tab=\"5\" role=\"region\" aria-labelledby=\"elementor-tab-title-2545\"><p><img loading=\"lazy\" decoding=\"async\" class=\"size-medium wp-image-6836 alignleft\" src=\"https:\/\/olympiquesspeciauxquebec.ca\/wp-content\/uploads\/2025\/02\/patrick-boivin-web-300x247.jpg\" alt=\"\" width=\"300\" height=\"247\" srcset=\"https:\/\/olympiquesspeciauxquebec.ca\/wp-content\/uploads\/2025\/02\/patrick-boivin-web-300x247.jpg 300w, https:\/\/olympiquesspeciauxquebec.ca\/wp-content\/uploads\/2025\/02\/patrick-boivin-web.jpg 518w\" sizes=\"(max-width: 300px) 100vw, 300px\" \/>Patrick Boivin is a career business executive and leader in amateur and professional sports, now focusing on the power of sport and exercise for human advancement.<\/p><p>Patrick joined LangLeven in 2023 as Strategist-in-Residence and is currently working with portfolio company Bearmind on their North American entry strategy. In the three years prior to joining LangLeven, Patrick held a number of strategic roles at several sports technology startups. As a seasoned executive who has spent over 20 years in senior roles with the Montreal Canadiens, the NHL, Concordia University and as President and CEO of the Montreal Alouettes, Patrick is motivated by opportunities for change and the promotion of visions, with a particular interest in human performance, health and wellness startups that will create societal change.<\/p><p>With a strong background in organizational transformation and growth management, Patrick embraces the role of an outsider and firmly believes in core business principles rooted in clear culture, brand value, and equality. Patrick is a lifelong athlete who has played field hockey, football, ski and tennis. He is now focused on improving his triathlon performance after completing his first Olympic distance event.<\/p><\/div>\n\t\t\t\t<\/div>\n\t\t\t\t\t\t\t<div class=\"elementor-accordion-item\">\n\t\t\t\t\t<div id=\"elementor-tab-title-2546\" class=\"elementor-tab-title\" data-tab=\"6\" role=\"button\" aria-controls=\"elementor-tab-content-2546\" aria-expanded=\"false\">\n\t\t\t\t\t\t\t\t\t\t\t\t\t<span class=\"elementor-accordion-icon elementor-accordion-icon-left\" aria-hidden=\"true\">\n\t\t\t\t\t\t\t\t\t\t\t\t\t\t\t<span class=\"elementor-accordion-icon-closed\"><i class=\"fas fa-plus\"><\/i><\/span>\n\t\t\t\t\t\t\t\t<span class=\"elementor-accordion-icon-opened\"><i class=\"fas fa-minus\"><\/i><\/span>\n\t\t\t\t\t\t\t\t\t\t\t\t\t\t<\/span>\n\t\t\t\t\t\t\t\t\t\t\t\t<a class=\"elementor-accordion-title\" tabindex=\"0\">Sylvain Chevalier, administrator<\/a>\n\t\t\t\t\t<\/div>\n\t\t\t\t\t<div id=\"elementor-tab-content-2546\" class=\"elementor-tab-content elementor-clearfix\" data-tab=\"6\" role=\"region\" aria-labelledby=\"elementor-tab-title-2546\"><p><img loading=\"lazy\" decoding=\"async\" class=\"size-medium wp-image-6850 alignleft\" src=\"https:\/\/olympiquesspeciauxquebec.ca\/wp-content\/uploads\/2025\/02\/2025-sylvain-chevalier-300x282.jpg\" alt=\"\" width=\"300\" height=\"282\" srcset=\"https:\/\/olympiquesspeciauxquebec.ca\/wp-content\/uploads\/2025\/02\/2025-sylvain-chevalier-300x282.jpg 300w, https:\/\/olympiquesspeciauxquebec.ca\/wp-content\/uploads\/2025\/02\/2025-sylvain-chevalier.jpg 650w\" sizes=\"(max-width: 300px) 100vw, 300px\" \/>Biography coming soon<\/p><\/div>\n\t\t\t\t<\/div>\n\t\t\t\t\t\t\t<div class=\"elementor-accordion-item\">\n\t\t\t\t\t<div id=\"elementor-tab-title-2547\" class=\"elementor-tab-title\" data-tab=\"7\" role=\"button\" aria-controls=\"elementor-tab-content-2547\" aria-expanded=\"false\">\n\t\t\t\t\t\t\t\t\t\t\t\t\t<span class=\"elementor-accordion-icon elementor-accordion-icon-left\" aria-hidden=\"true\">\n\t\t\t\t\t\t\t\t\t\t\t\t\t\t\t<span class=\"elementor-accordion-icon-closed\"><i class=\"fas fa-plus\"><\/i><\/span>\n\t\t\t\t\t\t\t\t<span class=\"elementor-accordion-icon-opened\"><i class=\"fas fa-minus\"><\/i><\/span>\n\t\t\t\t\t\t\t\t\t\t\t\t\t\t<\/span>\n\t\t\t\t\t\t\t\t\t\t\t\t<a class=\"elementor-accordion-title\" tabindex=\"0\">Toni Dilli, administrator<\/a>\n\t\t\t\t\t<\/div>\n\t\t\t\t\t<div id=\"elementor-tab-content-2547\" class=\"elementor-tab-content elementor-clearfix\" data-tab=\"7\" role=\"region\" aria-labelledby=\"elementor-tab-title-2547\"><p>Partenaires, Audit,<br \/><strong>KPMG<\/strong><\/p><p><img loading=\"lazy\" decoding=\"async\" class=\"size-medium wp-image-6848 alignleft\" src=\"https:\/\/olympiquesspeciauxquebec.ca\/wp-content\/uploads\/2025\/02\/2025-toni-dilli-300x272.jpg\" alt=\"\" width=\"300\" height=\"272\" srcset=\"https:\/\/olympiquesspeciauxquebec.ca\/wp-content\/uploads\/2025\/02\/2025-toni-dilli-300x272.jpg 300w, https:\/\/olympiquesspeciauxquebec.ca\/wp-content\/uploads\/2025\/02\/2025-toni-dilli.jpg 692w\" sizes=\"(max-width: 300px) 100vw, 300px\" \/><\/p><p>Toni Dilli is an audit partner in Montreal\u2019s Manufacturing, Transportation and Distribution group. He has over 20 years\u2019 experience auditing large multinationals in this sector. Toni leads the Quebec Transportation Group, is a member of KPMG\u2019s national and global transportation team and is a member of the firm\u2019s national forestry group.<\/p><p>Toni has worked primarily with SEC-registered cross-border clients reporting under U.S. GAAP and IFRS.<\/p><p>As part of major transformation projects, Toni has led several teams helping to manage the transition of large-scale acquisitions and restructurings. He has also taken part in several business acquisitions, due diligence and purchase price allocation projects for his clients, providing audit and other services.<\/p><p>He is also a quality control partner and securities auditor for several listed entities in the Montreal office, providing services to SEC-registered Canadian clients, as well as a member of the national team dedicated to technical issues in income tax and pension accounting.<\/p><\/div>\n\t\t\t\t<\/div>\n\t\t\t\t\t\t\t<div class=\"elementor-accordion-item\">\n\t\t\t\t\t<div id=\"elementor-tab-title-2548\" class=\"elementor-tab-title\" data-tab=\"8\" role=\"button\" aria-controls=\"elementor-tab-content-2548\" aria-expanded=\"false\">\n\t\t\t\t\t\t\t\t\t\t\t\t\t<span class=\"elementor-accordion-icon elementor-accordion-icon-left\" aria-hidden=\"true\">\n\t\t\t\t\t\t\t\t\t\t\t\t\t\t\t<span class=\"elementor-accordion-icon-closed\"><i class=\"fas fa-plus\"><\/i><\/span>\n\t\t\t\t\t\t\t\t<span class=\"elementor-accordion-icon-opened\"><i class=\"fas fa-minus\"><\/i><\/span>\n\t\t\t\t\t\t\t\t\t\t\t\t\t\t<\/span>\n\t\t\t\t\t\t\t\t\t\t\t\t<a class=\"elementor-accordion-title\" tabindex=\"0\">Marielle Girard, administrator<\/a>\n\t\t\t\t\t<\/div>\n\t\t\t\t\t<div id=\"elementor-tab-content-2548\" class=\"elementor-tab-content elementor-clearfix\" data-tab=\"8\" role=\"region\" aria-labelledby=\"elementor-tab-title-2548\"><p>Directrice principale,\u00a0Affaires juridiques et r\u00e9glementaires,<br \/><strong>Banque Nationale Investissements<\/strong><\/p><p><img loading=\"lazy\" decoding=\"async\" class=\"size-medium wp-image-7537 alignleft\" src=\"https:\/\/olympiquesspeciauxquebec.ca\/wp-content\/uploads\/2025\/12\/2025-marielle-girard.jpg\" alt=\"\" width=\"300\" height=\"291\" \/><\/p><p>With over 10 years of experience in the legal field, Marielle is a Senior Manager at National Bank Investments (NBI), where she leads a team of legal professionals and oversees all aspects of legal and regulatory affairs for the organization.<\/p><p>She holds a Canadian Securities Course (CSC) credential from the Canadian Securities Institute, which demonstrates her knowledge and expertise in the securities industry. She has strong skills in legal compliance, corporate law, contract law, and risk management, as well as excellent communication and negotiation skills.<\/p><p>Marielle is passionate about providing effective and innovative legal solutions that support the business objectives and values of NBI, while ensuring compliance with the applicable laws and regulations. She is also committed to fostering a collaborative and inclusive work environment, where diverse perspectives and experiences are valued and respected.<\/p><\/div>\n\t\t\t\t<\/div>\n\t\t\t\t\t\t\t<div class=\"elementor-accordion-item\">\n\t\t\t\t\t<div id=\"elementor-tab-title-2549\" class=\"elementor-tab-title\" data-tab=\"9\" role=\"button\" aria-controls=\"elementor-tab-content-2549\" aria-expanded=\"false\">\n\t\t\t\t\t\t\t\t\t\t\t\t\t<span class=\"elementor-accordion-icon elementor-accordion-icon-left\" aria-hidden=\"true\">\n\t\t\t\t\t\t\t\t\t\t\t\t\t\t\t<span class=\"elementor-accordion-icon-closed\"><i class=\"fas fa-plus\"><\/i><\/span>\n\t\t\t\t\t\t\t\t<span class=\"elementor-accordion-icon-opened\"><i class=\"fas fa-minus\"><\/i><\/span>\n\t\t\t\t\t\t\t\t\t\t\t\t\t\t<\/span>\n\t\t\t\t\t\t\t\t\t\t\t\t<a class=\"elementor-accordion-title\" tabindex=\"0\">Jonathan L\u00e9vesque, administrator<\/a>\n\t\t\t\t\t<\/div>\n\t\t\t\t\t<div id=\"elementor-tab-content-2549\" class=\"elementor-tab-content elementor-clearfix\" data-tab=\"9\" role=\"region\" aria-labelledby=\"elementor-tab-title-2549\"><p>Agent de recherche,<br \/><strong>Universit\u00e9 de Montr\u00e9al<\/strong><\/p><p><img loading=\"lazy\" decoding=\"async\" class=\"size-medium wp-image-6846 alignleft\" src=\"https:\/\/olympiquesspeciauxquebec.ca\/wp-content\/uploads\/2025\/02\/2025-jonathan-levesque-300x285.jpg\" alt=\"\" width=\"300\" height=\"285\" srcset=\"https:\/\/olympiquesspeciauxquebec.ca\/wp-content\/uploads\/2025\/02\/2025-jonathan-levesque-300x285.jpg 300w, https:\/\/olympiquesspeciauxquebec.ca\/wp-content\/uploads\/2025\/02\/2025-jonathan-levesque.jpg 710w\" sizes=\"(max-width: 300px) 100vw, 300px\" \/><\/p><p>Jonathan is a graduate program management advisor at the Universit\u00e9 de Montr\u00e9al\u2019s Faculty of Arts and Science. He holds a bachelor\u2019s degree in psychology and a master\u2019s degree in psychoeducation.<\/p><p>Since the early 2000s, Jonathan has been a dedicated volunteer with Special Olympics Quebec, coaching a basketball program, refereeing indoor field hockey, and serving as both a local chapter administrator and board member. He has also participated in several provincial and national games, as a mission member or official, including the 2013 edition of the World Winter Games held in South Korea.<\/p><\/div>\n\t\t\t\t<\/div>\n\t\t\t\t\t\t\t<div class=\"elementor-accordion-item\">\n\t\t\t\t\t<div id=\"elementor-tab-title-25410\" class=\"elementor-tab-title\" data-tab=\"10\" role=\"button\" aria-controls=\"elementor-tab-content-25410\" aria-expanded=\"false\">\n\t\t\t\t\t\t\t\t\t\t\t\t\t<span class=\"elementor-accordion-icon elementor-accordion-icon-left\" aria-hidden=\"true\">\n\t\t\t\t\t\t\t\t\t\t\t\t\t\t\t<span class=\"elementor-accordion-icon-closed\"><i class=\"fas fa-plus\"><\/i><\/span>\n\t\t\t\t\t\t\t\t<span class=\"elementor-accordion-icon-opened\"><i class=\"fas fa-minus\"><\/i><\/span>\n\t\t\t\t\t\t\t\t\t\t\t\t\t\t<\/span>\n\t\t\t\t\t\t\t\t\t\t\t\t<a class=\"elementor-accordion-title\" tabindex=\"0\">Diane Morin, administrator<\/a>\n\t\t\t\t\t<\/div>\n\t\t\t\t\t<div id=\"elementor-tab-content-25410\" class=\"elementor-tab-content elementor-clearfix\" data-tab=\"10\" role=\"region\" aria-labelledby=\"elementor-tab-title-25410\"><p>C.M., Ph.D., FAAIDD<strong><br \/><\/strong><\/p><p>Professeur, D\u00e9partement de psychologie, <br \/><strong>Universit\u00e9 du Qu\u00e9bec \u00e0 Montr\u00e9al<\/strong><\/p><p><img loading=\"lazy\" decoding=\"async\" class=\"size-medium wp-image-6842 alignleft\" src=\"https:\/\/olympiquesspeciauxquebec.ca\/wp-content\/uploads\/2025\/02\/2025-diane-morin-300x273.jpg\" alt=\"\" width=\"300\" height=\"273\" srcset=\"https:\/\/olympiquesspeciauxquebec.ca\/wp-content\/uploads\/2025\/02\/2025-diane-morin-300x273.jpg 300w, https:\/\/olympiquesspeciauxquebec.ca\/wp-content\/uploads\/2025\/02\/2025-diane-morin.jpg 767w\" sizes=\"(max-width: 300px) 100vw, 300px\" \/><\/p><p>Diane Morin joined the Department of Psychology at the Universit\u00e9 du Qu\u00e9bec \u00e0 Montr\u00e9al as a professor in 2001 and has held the Chair in Intellectual Disability and Behavioural Disorders since 2008. Her research interests include behavioural, physical and mental health disorders in children and adults with intellectual disabilities and autism spectrum disorders; the evaluation of programs and services for these individuals, their families and caregivers; as well as the attitudes of the general population and professionals towards intellectual disabilities. Her research is carried out with a view to finding concrete solutions to the difficulties encountered by people with an intellectual disability or an autism spectrum disorder, their families and caregivers.<\/p><p>At the same time, she is very active in the community, participating on numerous boards and committees of organizations and associations related to intellectual disabilities. She has been an AAIDD Fellow since 2011 and has received numerous accolades for her contribution to the field of intellectual disability, including appointment to the Order of Canada in 2014.<\/p><\/div>\n\t\t\t\t<\/div>\n\t\t\t\t\t\t\t<div class=\"elementor-accordion-item\">\n\t\t\t\t\t<div id=\"elementor-tab-title-25411\" class=\"elementor-tab-title\" data-tab=\"11\" role=\"button\" aria-controls=\"elementor-tab-content-25411\" aria-expanded=\"false\">\n\t\t\t\t\t\t\t\t\t\t\t\t\t<span class=\"elementor-accordion-icon elementor-accordion-icon-left\" aria-hidden=\"true\">\n\t\t\t\t\t\t\t\t\t\t\t\t\t\t\t<span class=\"elementor-accordion-icon-closed\"><i class=\"fas fa-plus\"><\/i><\/span>\n\t\t\t\t\t\t\t\t<span class=\"elementor-accordion-icon-opened\"><i class=\"fas fa-minus\"><\/i><\/span>\n\t\t\t\t\t\t\t\t\t\t\t\t\t\t<\/span>\n\t\t\t\t\t\t\t\t\t\t\t\t<a class=\"elementor-accordion-title\" tabindex=\"0\">Audrey Savard, admnistrator<\/a>\n\t\t\t\t\t<\/div>\n\t\t\t\t\t<div id=\"elementor-tab-content-25411\" class=\"elementor-tab-content elementor-clearfix\" data-tab=\"11\" role=\"region\" aria-labelledby=\"elementor-tab-title-25411\"><p>Athl\u00e8te<\/p><p><img loading=\"lazy\" decoding=\"async\" class=\"size-medium wp-image-6840 alignleft\" src=\"https:\/\/olympiquesspeciauxquebec.ca\/wp-content\/uploads\/2025\/02\/2025-audrey-savard-300x282.jpg\" alt=\"\" width=\"300\" height=\"282\" srcset=\"https:\/\/olympiquesspeciauxquebec.ca\/wp-content\/uploads\/2025\/02\/2025-audrey-savard-300x282.jpg 300w, https:\/\/olympiquesspeciauxquebec.ca\/wp-content\/uploads\/2025\/02\/2025-audrey-savard.jpg 728w\" sizes=\"(max-width: 300px) 100vw, 300px\" \/><\/p><p>Audrey has been a member of Special Olympics Qu\u00e9bec since 2014. She currently participates in boccia, bowling, and soccer, but has also practised snowshoeing and curling in the past. Since she began playing these sports, Audrey has been able to combine her passion for sports and travel by taking part in five Provincial Games (both summer and winter), as well as the National Bowling Championship in 2018 in Prince Edward Island. She even received the Female Athlete of the Year Award in 2018.<\/p><p>In addition to her athletic career, Audrey is deeply involved in her community. This big-hearted woman, always ready to help others, has been volunteering for nearly 20 years with various organizations in her region (Saguenay). In 2021, Audrey joined the Board of Directors of Special Olympics Qu\u00e9bec as an athlete representative, where she plays an active role in sharing athletes\u2019 perspectives on a range of issues.<\/p><\/div>\n\t\t\t\t<\/div>\n\t\t\t\t\t\t\t<div class=\"elementor-accordion-item\">\n\t\t\t\t\t<div id=\"elementor-tab-title-25412\" class=\"elementor-tab-title\" data-tab=\"12\" role=\"button\" aria-controls=\"elementor-tab-content-25412\" aria-expanded=\"false\">\n\t\t\t\t\t\t\t\t\t\t\t\t\t<span class=\"elementor-accordion-icon elementor-accordion-icon-left\" aria-hidden=\"true\">\n\t\t\t\t\t\t\t\t\t\t\t\t\t\t\t<span class=\"elementor-accordion-icon-closed\"><i class=\"fas fa-plus\"><\/i><\/span>\n\t\t\t\t\t\t\t\t<span class=\"elementor-accordion-icon-opened\"><i class=\"fas fa-minus\"><\/i><\/span>\n\t\t\t\t\t\t\t\t\t\t\t\t\t\t<\/span>\n\t\t\t\t\t\t\t\t\t\t\t\t<a class=\"elementor-accordion-title\" tabindex=\"0\">Jean-Fran\u00e7ois Potvin, administrator<\/a>\n\t\t\t\t\t<\/div>\n\t\t\t\t\t<div id=\"elementor-tab-content-25412\" class=\"elementor-tab-content elementor-clearfix\" data-tab=\"12\" role=\"region\" aria-labelledby=\"elementor-tab-title-25412\"><p>Vice-pr\u00e9sident aux Relations de travail,<br \/><strong>Fraternit\u00e9 des policiers et polici\u00e8res de Montr\u00e9al<\/strong><\/p><p><img loading=\"lazy\" decoding=\"async\" class=\"size-medium wp-image-6844 alignleft\" src=\"https:\/\/olympiquesspeciauxquebec.ca\/wp-content\/uploads\/2025\/02\/2025-jean-francois-potvin-300x263.jpg\" alt=\"\" width=\"300\" height=\"263\" srcset=\"https:\/\/olympiquesspeciauxquebec.ca\/wp-content\/uploads\/2025\/02\/2025-jean-francois-potvin-300x263.jpg 300w, https:\/\/olympiquesspeciauxquebec.ca\/wp-content\/uploads\/2025\/02\/2025-jean-francois-potvin.jpg 752w\" sizes=\"(max-width: 300px) 100vw, 300px\" \/><\/p><p>Jean-Fran\u00e7ois Potvin, a graduate of the \u00c9cole nationale de police du\u00a0Qu\u00e9bec, has been a police officer since 1994. His career has included roles with multiple agencies, including\u00a0the South Shore of Montreal and for the S\u00fbret\u00e9 du\u00a0Qu\u00e9bec before joining the Service de police de la\u00a0Ville de\u00a0Montr\u00e9al in 1998.<\/p><p>He served as a patrol officer and member of a specialized unit before being elected to the executive board of the Montreal Police Brotherhood (Fraternit\u00e9 des policiers et polici\u00e8res de\u00a0Montr\u00e9al) in 2014, as Vice-President Employment Relationships. Jean-Fran\u00e7ois still holds this position on a full-time basis. Throughout his career, he has received training in industrial relations, human resources, governance and leadership.<\/p><p>On the personal level, Jean-Fran\u00e7ois was involved for many years with minor field hockey in his region. He learned more about the Special Olympics Quebec movement when he met its founder in 2003. He also took part in activities for the Law enforcement torch run (CAF) race in Montreal. In 2018, he was appointed to the Board of Directors of Special Olympics Qu\u00e9bec. His role on the Board of Directors of the Montreal Police Brotherhood enables him to promote the Special Olympics Quebec movement and the Law Enforcement Torch Run activities among his 4,500 active colleagues and the 5,000 retirees of the Montreal Police Department.<\/p><\/div>\n\t\t\t\t<\/div>\n\t\t\t\t\t\t\t<div class=\"elementor-accordion-item\">\n\t\t\t\t\t<div id=\"elementor-tab-title-25413\" class=\"elementor-tab-title\" data-tab=\"13\" role=\"button\" aria-controls=\"elementor-tab-content-25413\" aria-expanded=\"false\">\n\t\t\t\t\t\t\t\t\t\t\t\t\t<span class=\"elementor-accordion-icon elementor-accordion-icon-left\" aria-hidden=\"true\">\n\t\t\t\t\t\t\t\t\t\t\t\t\t\t\t<span class=\"elementor-accordion-icon-closed\"><i class=\"fas fa-plus\"><\/i><\/span>\n\t\t\t\t\t\t\t\t<span class=\"elementor-accordion-icon-opened\"><i class=\"fas fa-minus\"><\/i><\/span>\n\t\t\t\t\t\t\t\t\t\t\t\t\t\t<\/span>\n\t\t\t\t\t\t\t\t\t\t\t\t<a class=\"elementor-accordion-title\" tabindex=\"0\">Laetitia Shaigetz, administrator<\/a>\n\t\t\t\t\t<\/div>\n\t\t\t\t\t<div id=\"elementor-tab-content-25413\" class=\"elementor-tab-content elementor-clearfix\" data-tab=\"13\" role=\"region\" aria-labelledby=\"elementor-tab-title-25413\"><p>Pr\u00e9sidente,<br \/><strong>\u00c9pisode<\/strong><\/p><p><img loading=\"lazy\" decoding=\"async\" class=\"size-medium wp-image-6852 alignleft\" src=\"https:\/\/olympiquesspeciauxquebec.ca\/wp-content\/uploads\/2025\/02\/2025-laetitia-shaigetz-296x300.jpg\" alt=\"\" width=\"296\" height=\"300\" srcset=\"https:\/\/olympiquesspeciauxquebec.ca\/wp-content\/uploads\/2025\/02\/2025-laetitia-shaigetz-296x300.jpg 296w, https:\/\/olympiquesspeciauxquebec.ca\/wp-content\/uploads\/2025\/02\/2025-laetitia-shaigetz.jpg 591w\" sizes=\"(max-width: 296px) 100vw, 296px\" \/><\/p><p>Laetitia Shaigetz has been working in the field of non-profit organization (NPO) financing for 19 years, having built up a rich and diversified expertise. With a bachelor\u2019s degree in communications, her academic background includes graduate studies in cultural organization management and social and environmental responsibility, giving her a broad, multidisciplinary vision that she successfully applies to her projects.<\/p><p>Prior to specializing in philanthropy, she held strategic management and project management positions in the fields of communications and events, fundraising and business development. These experiences have enabled her to work with large-scale organizations and visionary entrepreneurs, supporting them in their growth and development.<\/p><p>Prior to specializing in philanthropy, she held strategic management and project management positions in the fields of communications and events, fundraising and business development. These experiences have enabled her to work with large-scale organizations and visionary entrepreneurs, supporting them in their growth and development.<\/p><p>In 2013, driven by a desire to maximize the social impact of organizations, she founded Panoramique, a company that supports NPOs and businesses in articulating strategies to increase their revenues and awareness, and to measure their impact.<\/p><p>In 2020, she acquired \u00c9pisode, a firm recognized for its key role in the evolution of philanthropic culture in Quebec for over 25 years. Under her leadership, \u00c9pisode has distinguished itself by its human, authentic, ambitious and forward-looking approach, reinforcing its status as an essential partner in philanthropy. Laetitia\u2019s vision and commitment to the sustainable development of the philanthropic community were recognized by her peers in 2024, when she received the Prix Jeune repreneure du\u00a0Qu\u00e9bec at the Concours Arista of the Jeune Chambre de commerce de\u00a0Montr\u00e9al.<\/p><\/div>\n\t\t\t\t<\/div>\n\t\t\t\t\t\t\t\t<\/div>\n\t\t\t\t\t\t<\/div>\n\t\t\t\t<\/div>\n\t\t\t\t\t<\/div>\n\t\t<\/div>\n\t\t\t\t\t<\/div>\n\t\t<\/section>\n\t\t\t\t\t<\/div>\n\t\t<\/div>\n\t\t\t\t<div class=\"elementor-column elementor-col-50 elementor-top-column elementor-element elementor-element-717a1c2\" data-id=\"717a1c2\" data-element_type=\"column\" data-e-type=\"column\">\n\t\t\t<div class=\"elementor-widget-wrap elementor-element-populated\">\n\t\t\t\t\t\t<div class=\"elementor-element elementor-element-db83535 elementor-widget elementor-widget-template\" data-id=\"db83535\" data-element_type=\"widget\" data-e-type=\"widget\" data-widget_type=\"template.default\">\n\t\t\t\t<div class=\"elementor-widget-container\">\n\t\t\t\t\t\t\t<div class=\"elementor-template\">\n\t\t\t\t\t<div data-elementor-type=\"section\" data-elementor-id=\"1958\" class=\"elementor elementor-1958 elementor-1313 elementor-1313\" data-elementor-post-type=\"elementor_library\">\n\t\t\t\t\t<section class=\"elementor-section elementor-top-section elementor-element elementor-element-477101e elementor-section-full_width elementor-section-content-top elementor-section-height-default elementor-section-height-default\" data-id=\"477101e\" data-element_type=\"section\" data-e-type=\"section\">\n\t\t\t\t\t\t<div class=\"elementor-container elementor-column-gap-default\">\n\t\t\t\t\t<div class=\"elementor-column elementor-col-100 elementor-top-column elementor-element elementor-element-ba53bb9\" data-id=\"ba53bb9\" data-element_type=\"column\" data-e-type=\"column\">\n\t\t\t<div class=\"elementor-widget-wrap elementor-element-populated\">\n\t\t\t\t\t\t<div class=\"elementor-element elementor-element-34d6ff9 elementor-widget elementor-widget-heading\" data-id=\"34d6ff9\" data-element_type=\"widget\" data-e-type=\"widget\" data-widget_type=\"heading.default\">\n\t\t\t\t<div class=\"elementor-widget-container\">\n\t\t\t\t\t<h2 class=\"elementor-heading-title elementor-size-default\">Recent news\n<\/h2>\t\t\t\t<\/div>\n\t\t\t\t<\/div>\n\t\t\t\t<div class=\"elementor-element elementor-element-db274c7 elementor-widget elementor-widget-shortcode\" data-id=\"db274c7\" data-element_type=\"widget\" data-e-type=\"widget\" data-widget_type=\"shortcode.default\">\n\t\t\t\t<div class=\"elementor-widget-container\">\n\t\t\t\t\t\n\t\t\t\t\n     \n\t\t\t<div class=\"elementor-element elementor-element-83cedc2 elementor-element-34d6ff9 elementor-widget elementor-widget-heading\" data-id=\"83cedc2\" data-element_type=\"widget\" data-widget_type=\"heading.default\">\n\t\t\t\t<div class=\"elementor-widget-container\">\n\t\t\t\t\t<h2 class=\"elementor-heading-title elementor-size-default\"> Upcoming events <\/h2>\t\t\n\t\t\t\t<\/div>\n\t\t\t<\/div>\n\n       \n\t\t<div class=\"elementor-element elementor-element-5d4bce3  elementor-element-87d8761 elementor-grid-1 elementor-posts--thumbnail-left elementor-posts--align-left elementor-grid-tablet-2 elementor-grid-mobile-1 elementor-widget elementor-widget-posts\" data-id=\"87d8761\" data-element_type=\"widget\" data-settings=\"{&quot;classic_columns&quot;:&quot;1&quot;,&quot;classic_row_gap&quot;:{&quot;unit&quot;:&quot;px&quot;,&quot;size&quot;:45,&quot;sizes&quot;:[]},&quot;classic_columns_tablet&quot;:&quot;2&quot;,&quot;classic_columns_mobile&quot;:&quot;1&quot;,&quot;classic_row_gap_tablet&quot;:{&quot;unit&quot;:&quot;px&quot;,&quot;size&quot;:&quot;&quot;,&quot;sizes&quot;:[]},&quot;classic_row_gap_mobile&quot;:{&quot;unit&quot;:&quot;px&quot;,&quot;size&quot;:&quot;&quot;,&quot;sizes&quot;:[]}}\" data-widget_type=\"posts.classic\">\n\t\t\t\t<div class=\"elementor-widget-container\"> \n\t\t\t \t\t<div class=\"elementor-posts-container elementor-posts elementor-posts--skin-classic elementor-grid elementor-has-item-ratio\">\n    \n\t\t\t<\/div>\n\t\t<\/div> \n    <\/div>\n\t\t<div class=\"elementor-shortcode\"><\/div>\n\t\t\t\t\t\t<\/div>\n\t\t\t\t<\/div>\n\t\t\t\t\t<\/div>\n\t\t<\/div>\n\t\t\t\t\t<\/div>\n\t\t<\/section>\n\t\t\t\t<\/div>\n\t\t\t\t<\/div>\n\t\t\t\t\t\t<\/div>\n\t\t\t\t<\/div>\n\t\t\t\t\t<\/div>\n\t\t<\/div>\n\t\t\t\t\t<\/div>\n\t\t<\/section>\n\t\t\t\t<\/div>\n\t\t","protected":false},"excerpt":{"rendered":"<p>Daniel Granger, president C.M., MBA, ARP, FSCRPACJ Communication Daniel Granger is the President of ACJ Communication, a communications and public relations firm. Previously, he served as Managing Director of the Quebec office of a global firm supporting Canadian, U.S., and multinational clients, and held the role of Partner and Vice-President of Communications Technologies at a [&hellip;]<\/p>\n","protected":false},"author":1,"featured_media":0,"parent":1848,"menu_order":3,"comment_status":"closed","ping_status":"closed","template":"elementor_header_footer","meta":{"_acf_changed":false,"site-sidebar-layout":"default","site-content-layout":"","ast-site-content-layout":"default","site-content-style":"default","site-sidebar-style":"default","ast-global-header-display":"","ast-banner-title-visibility":"","ast-main-header-display":"","ast-hfb-above-header-display":"","ast-hfb-below-header-display":"","ast-hfb-mobile-header-display":"","site-post-title":"disabled","ast-breadcrumbs-content":"","ast-featured-img":"","footer-sml-layout":"","ast-disable-related-posts":"","theme-transparent-header-meta":"","adv-header-id-meta":"","stick-header-meta":"","header-above-stick-meta":"","header-main-stick-meta":"","header-below-stick-meta":"","astra-migrate-meta-layouts":"default","ast-page-background-enabled":"default","ast-page-background-meta":{"desktop":{"background-color":"var(--ast-global-color-4)","background-image":"","background-repeat":"repeat","background-position":"center center","background-size":"auto","background-attachment":"scroll","background-type":"","background-media":"","overlay-type":"","overlay-color":"","overlay-opacity":"","overlay-gradient":""},"tablet":{"background-color":"","background-image":"","background-repeat":"repeat","background-position":"center center","background-size":"auto","background-attachment":"scroll","background-type":"","background-media":"","overlay-type":"","overlay-color":"","overlay-opacity":"","overlay-gradient":""},"mobile":{"background-color":"","background-image":"","background-repeat":"repeat","background-position":"center center","background-size":"auto","background-attachment":"scroll","background-type":"","background-media":"","overlay-type":"","overlay-color":"","overlay-opacity":"","overlay-gradient":""}},"ast-content-background-meta":{"desktop":{"background-color":"var(--ast-global-color-5)","background-image":"","background-repeat":"repeat","background-position":"center center","background-size":"auto","background-attachment":"scroll","background-type":"","background-media":"","overlay-type":"","overlay-color":"","overlay-opacity":"","overlay-gradient":""},"tablet":{"background-color":"var(--ast-global-color-5)","background-image":"","background-repeat":"repeat","background-position":"center center","background-size":"auto","background-attachment":"scroll","background-type":"","background-media":"","overlay-type":"","overlay-color":"","overlay-opacity":"","overlay-gradient":""},"mobile":{"background-color":"var(--ast-global-color-5)","background-image":"","background-repeat":"repeat","background-position":"center center","background-size":"auto","background-attachment":"scroll","background-type":"","background-media":"","overlay-type":"","overlay-color":"","overlay-opacity":"","overlay-gradient":""}},"footnotes":""},"class_list":["post-1851","page","type-page","status-publish","hentry"],"acf":[],"yoast_head":"<!-- This site is optimized with the Yoast SEO plugin v26.9 - https:\/\/yoast.com\/product\/yoast-seo-wordpress\/ -->\n<title>Board of directors - Olympiques sp\u00e9ciaux Qu\u00e9bec<\/title>\n<meta name=\"robots\" content=\"index, follow, max-snippet:-1, max-image-preview:large, max-video-preview:-1\" \/>\n<link rel=\"canonical\" href=\"https:\/\/olympiquesspeciauxquebec.ca\/en\/about-us\/board-of-directors\/\" \/>\n<meta property=\"og:locale\" content=\"en_US\" \/>\n<meta property=\"og:type\" content=\"article\" \/>\n<meta property=\"og:title\" content=\"Board of directors - Olympiques sp\u00e9ciaux Qu\u00e9bec\" \/>\n<meta property=\"og:description\" content=\"Daniel Granger, president C.M., MBA, ARP, FSCRPACJ Communication Daniel Granger is the President of ACJ Communication, a communications and public relations firm. Previously, he served as Managing Director of the Quebec office of a global firm supporting Canadian, U.S., and multinational clients, and held the role of Partner and Vice-President of Communications Technologies at a [&hellip;]\" \/>\n<meta property=\"og:url\" content=\"https:\/\/olympiquesspeciauxquebec.ca\/en\/about-us\/board-of-directors\/\" \/>\n<meta property=\"og:site_name\" content=\"Olympiques sp\u00e9ciaux Qu\u00e9bec\" \/>\n<meta property=\"article:publisher\" content=\"https:\/\/www.facebook.com\/olympiquesspeciauxquebec\" \/>\n<meta property=\"article:modified_time\" content=\"2025-12-09T16:55:17+00:00\" \/>\n<meta property=\"og:image\" content=\"https:\/\/olympiquesspeciauxquebec.ca\/wp-content\/uploads\/2025\/02\/daniel-granger-2023-web.jpg\" \/>\n\t<meta property=\"og:image:width\" content=\"416\" \/>\n\t<meta property=\"og:image:height\" content=\"368\" \/>\n\t<meta property=\"og:image:type\" content=\"image\/jpeg\" \/>\n<meta name=\"twitter:card\" content=\"summary_large_image\" \/>\n<meta name=\"twitter:site\" content=\"@AthletesOSQ\" \/>\n<meta name=\"twitter:label1\" content=\"Est. reading time\" \/>\n\t<meta name=\"twitter:data1\" content=\"13 minutes\" \/>\n<script type=\"application\/ld+json\" class=\"yoast-schema-graph\">{\"@context\":\"https:\/\/schema.org\",\"@graph\":[{\"@type\":\"WebPage\",\"@id\":\"https:\/\/olympiquesspeciauxquebec.ca\/en\/about-us\/board-of-directors\/\",\"url\":\"https:\/\/olympiquesspeciauxquebec.ca\/en\/about-us\/board-of-directors\/\",\"name\":\"Board of directors - Olympiques sp\u00e9ciaux Qu\u00e9bec\",\"isPartOf\":{\"@id\":\"https:\/\/olympiquesspeciauxquebec.ca\/#website\"},\"primaryImageOfPage\":{\"@id\":\"https:\/\/olympiquesspeciauxquebec.ca\/en\/about-us\/board-of-directors\/#primaryimage\"},\"image\":{\"@id\":\"https:\/\/olympiquesspeciauxquebec.ca\/en\/about-us\/board-of-directors\/#primaryimage\"},\"thumbnailUrl\":\"https:\/\/olympiquesspeciauxquebec.ca\/wp-content\/uploads\/2025\/02\/daniel-granger-2023-web-300x265.jpg\",\"datePublished\":\"2023-03-17T18:15:59+00:00\",\"dateModified\":\"2025-12-09T16:55:17+00:00\",\"breadcrumb\":{\"@id\":\"https:\/\/olympiquesspeciauxquebec.ca\/en\/about-us\/board-of-directors\/#breadcrumb\"},\"inLanguage\":\"en-US\",\"potentialAction\":[{\"@type\":\"ReadAction\",\"target\":[\"https:\/\/olympiquesspeciauxquebec.ca\/en\/about-us\/board-of-directors\/\"]}]},{\"@type\":\"ImageObject\",\"inLanguage\":\"en-US\",\"@id\":\"https:\/\/olympiquesspeciauxquebec.ca\/en\/about-us\/board-of-directors\/#primaryimage\",\"url\":\"https:\/\/olympiquesspeciauxquebec.ca\/wp-content\/uploads\/2025\/02\/daniel-granger-2023-web-300x265.jpg\",\"contentUrl\":\"https:\/\/olympiquesspeciauxquebec.ca\/wp-content\/uploads\/2025\/02\/daniel-granger-2023-web-300x265.jpg\"},{\"@type\":\"BreadcrumbList\",\"@id\":\"https:\/\/olympiquesspeciauxquebec.ca\/en\/about-us\/board-of-directors\/#breadcrumb\",\"itemListElement\":[{\"@type\":\"ListItem\",\"position\":1,\"name\":\"Home\",\"item\":\"https:\/\/olympiquesspeciauxquebec.ca\/en\/\"},{\"@type\":\"ListItem\",\"position\":2,\"name\":\"About us\",\"item\":\"https:\/\/olympiquesspeciauxquebec.ca\/decouvrez-nous\/\"},{\"@type\":\"ListItem\",\"position\":3,\"name\":\"Board of directors\"}]},{\"@type\":\"WebSite\",\"@id\":\"https:\/\/olympiquesspeciauxquebec.ca\/#website\",\"url\":\"https:\/\/olympiquesspeciauxquebec.ca\/\",\"name\":\"Olympiques sp\u00e9ciaux Qu\u00e9bec\",\"description\":\"Olympiques sp\u00e9ciaux Qu\u00e9bec\",\"publisher\":{\"@id\":\"https:\/\/olympiquesspeciauxquebec.ca\/#organization\"},\"potentialAction\":[{\"@type\":\"SearchAction\",\"target\":{\"@type\":\"EntryPoint\",\"urlTemplate\":\"https:\/\/olympiquesspeciauxquebec.ca\/?s={search_term_string}\"},\"query-input\":{\"@type\":\"PropertyValueSpecification\",\"valueRequired\":true,\"valueName\":\"search_term_string\"}}],\"inLanguage\":\"en-US\"},{\"@type\":\"Organization\",\"@id\":\"https:\/\/olympiquesspeciauxquebec.ca\/#organization\",\"name\":\"Olympiques sp\u00e9ciaux Qu\u00e9bec\",\"url\":\"https:\/\/olympiquesspeciauxquebec.ca\/\",\"logo\":{\"@type\":\"ImageObject\",\"inLanguage\":\"en-US\",\"@id\":\"https:\/\/olympiquesspeciauxquebec.ca\/#\/schema\/logo\/image\/\",\"url\":\"https:\/\/olympiquesspeciauxquebec.ca\/wp-content\/uploads\/2023\/04\/logo.png\",\"contentUrl\":\"https:\/\/olympiquesspeciauxquebec.ca\/wp-content\/uploads\/2023\/04\/logo.png\",\"width\":1280,\"height\":384,\"caption\":\"Olympiques sp\u00e9ciaux Qu\u00e9bec\"},\"image\":{\"@id\":\"https:\/\/olympiquesspeciauxquebec.ca\/#\/schema\/logo\/image\/\"},\"sameAs\":[\"https:\/\/www.facebook.com\/olympiquesspeciauxquebec\",\"https:\/\/x.com\/AthletesOSQ\",\"https:\/\/www.instagram.com\/olympiques_speciaux_qc\/\",\"https:\/\/www.linkedin.com\/company\/olympiques-speciaux-quebec\/\",\"https:\/\/www.youtube.com\/@olympiquesspeciauxquebec2145\"]}]}<\/script>\n<!-- \/ Yoast SEO plugin. -->","yoast_head_json":{"title":"Board of directors - Olympiques sp\u00e9ciaux Qu\u00e9bec","robots":{"index":"index","follow":"follow","max-snippet":"max-snippet:-1","max-image-preview":"max-image-preview:large","max-video-preview":"max-video-preview:-1"},"canonical":"https:\/\/olympiquesspeciauxquebec.ca\/en\/about-us\/board-of-directors\/","og_locale":"en_US","og_type":"article","og_title":"Board of directors - Olympiques sp\u00e9ciaux Qu\u00e9bec","og_description":"Daniel Granger, president C.M., MBA, ARP, FSCRPACJ Communication Daniel Granger is the President of ACJ Communication, a communications and public relations firm. Previously, he served as Managing Director of the Quebec office of a global firm supporting Canadian, U.S., and multinational clients, and held the role of Partner and Vice-President of Communications Technologies at a [&hellip;]","og_url":"https:\/\/olympiquesspeciauxquebec.ca\/en\/about-us\/board-of-directors\/","og_site_name":"Olympiques sp\u00e9ciaux Qu\u00e9bec","article_publisher":"https:\/\/www.facebook.com\/olympiquesspeciauxquebec","article_modified_time":"2025-12-09T16:55:17+00:00","og_image":[{"width":416,"height":368,"url":"https:\/\/olympiquesspeciauxquebec.ca\/wp-content\/uploads\/2025\/02\/daniel-granger-2023-web.jpg","type":"image\/jpeg"}],"twitter_card":"summary_large_image","twitter_site":"@AthletesOSQ","twitter_misc":{"Est. reading time":"13 minutes"},"schema":{"@context":"https:\/\/schema.org","@graph":[{"@type":"WebPage","@id":"https:\/\/olympiquesspeciauxquebec.ca\/en\/about-us\/board-of-directors\/","url":"https:\/\/olympiquesspeciauxquebec.ca\/en\/about-us\/board-of-directors\/","name":"Board of directors - Olympiques sp\u00e9ciaux Qu\u00e9bec","isPartOf":{"@id":"https:\/\/olympiquesspeciauxquebec.ca\/#website"},"primaryImageOfPage":{"@id":"https:\/\/olympiquesspeciauxquebec.ca\/en\/about-us\/board-of-directors\/#primaryimage"},"image":{"@id":"https:\/\/olympiquesspeciauxquebec.ca\/en\/about-us\/board-of-directors\/#primaryimage"},"thumbnailUrl":"https:\/\/olympiquesspeciauxquebec.ca\/wp-content\/uploads\/2025\/02\/daniel-granger-2023-web-300x265.jpg","datePublished":"2023-03-17T18:15:59+00:00","dateModified":"2025-12-09T16:55:17+00:00","breadcrumb":{"@id":"https:\/\/olympiquesspeciauxquebec.ca\/en\/about-us\/board-of-directors\/#breadcrumb"},"inLanguage":"en-US","potentialAction":[{"@type":"ReadAction","target":["https:\/\/olympiquesspeciauxquebec.ca\/en\/about-us\/board-of-directors\/"]}]},{"@type":"ImageObject","inLanguage":"en-US","@id":"https:\/\/olympiquesspeciauxquebec.ca\/en\/about-us\/board-of-directors\/#primaryimage","url":"https:\/\/olympiquesspeciauxquebec.ca\/wp-content\/uploads\/2025\/02\/daniel-granger-2023-web-300x265.jpg","contentUrl":"https:\/\/olympiquesspeciauxquebec.ca\/wp-content\/uploads\/2025\/02\/daniel-granger-2023-web-300x265.jpg"},{"@type":"BreadcrumbList","@id":"https:\/\/olympiquesspeciauxquebec.ca\/en\/about-us\/board-of-directors\/#breadcrumb","itemListElement":[{"@type":"ListItem","position":1,"name":"Home","item":"https:\/\/olympiquesspeciauxquebec.ca\/en\/"},{"@type":"ListItem","position":2,"name":"About us","item":"https:\/\/olympiquesspeciauxquebec.ca\/decouvrez-nous\/"},{"@type":"ListItem","position":3,"name":"Board of directors"}]},{"@type":"WebSite","@id":"https:\/\/olympiquesspeciauxquebec.ca\/#website","url":"https:\/\/olympiquesspeciauxquebec.ca\/","name":"Olympiques sp\u00e9ciaux Qu\u00e9bec","description":"Olympiques sp\u00e9ciaux Qu\u00e9bec","publisher":{"@id":"https:\/\/olympiquesspeciauxquebec.ca\/#organization"},"potentialAction":[{"@type":"SearchAction","target":{"@type":"EntryPoint","urlTemplate":"https:\/\/olympiquesspeciauxquebec.ca\/?s={search_term_string}"},"query-input":{"@type":"PropertyValueSpecification","valueRequired":true,"valueName":"search_term_string"}}],"inLanguage":"en-US"},{"@type":"Organization","@id":"https:\/\/olympiquesspeciauxquebec.ca\/#organization","name":"Olympiques sp\u00e9ciaux Qu\u00e9bec","url":"https:\/\/olympiquesspeciauxquebec.ca\/","logo":{"@type":"ImageObject","inLanguage":"en-US","@id":"https:\/\/olympiquesspeciauxquebec.ca\/#\/schema\/logo\/image\/","url":"https:\/\/olympiquesspeciauxquebec.ca\/wp-content\/uploads\/2023\/04\/logo.png","contentUrl":"https:\/\/olympiquesspeciauxquebec.ca\/wp-content\/uploads\/2023\/04\/logo.png","width":1280,"height":384,"caption":"Olympiques sp\u00e9ciaux Qu\u00e9bec"},"image":{"@id":"https:\/\/olympiquesspeciauxquebec.ca\/#\/schema\/logo\/image\/"},"sameAs":["https:\/\/www.facebook.com\/olympiquesspeciauxquebec","https:\/\/x.com\/AthletesOSQ","https:\/\/www.instagram.com\/olympiques_speciaux_qc\/","https:\/\/www.linkedin.com\/company\/olympiques-speciaux-quebec\/","https:\/\/www.youtube.com\/@olympiquesspeciauxquebec2145"]}]}},"_links":{"self":[{"href":"https:\/\/olympiquesspeciauxquebec.ca\/en\/wp-json\/wp\/v2\/pages\/1851","targetHints":{"allow":["GET"]}}],"collection":[{"href":"https:\/\/olympiquesspeciauxquebec.ca\/en\/wp-json\/wp\/v2\/pages"}],"about":[{"href":"https:\/\/olympiquesspeciauxquebec.ca\/en\/wp-json\/wp\/v2\/types\/page"}],"author":[{"embeddable":true,"href":"https:\/\/olympiquesspeciauxquebec.ca\/en\/wp-json\/wp\/v2\/users\/1"}],"replies":[{"embeddable":true,"href":"https:\/\/olympiquesspeciauxquebec.ca\/en\/wp-json\/wp\/v2\/comments?post=1851"}],"version-history":[{"count":22,"href":"https:\/\/olympiquesspeciauxquebec.ca\/en\/wp-json\/wp\/v2\/pages\/1851\/revisions"}],"predecessor-version":[{"id":7546,"href":"https:\/\/olympiquesspeciauxquebec.ca\/en\/wp-json\/wp\/v2\/pages\/1851\/revisions\/7546"}],"up":[{"embeddable":true,"href":"https:\/\/olympiquesspeciauxquebec.ca\/en\/wp-json\/wp\/v2\/pages\/1848"}],"wp:attachment":[{"href":"https:\/\/olympiquesspeciauxquebec.ca\/en\/wp-json\/wp\/v2\/media?parent=1851"}],"curies":[{"name":"wp","href":"https:\/\/api.w.org\/{rel}","templated":true}]}}