{"id":1852,"date":"2023-03-17T18:39:19","date_gmt":"2023-03-17T18:39:19","guid":{"rendered":"https:\/\/olympiquesspeciauxquebec.dev.gxi.co\/?page_id=1852"},"modified":"2026-01-29T16:46:05","modified_gmt":"2026-01-29T16:46:05","slug":"team","status":"publish","type":"page","link":"https:\/\/olympiquesspeciauxquebec.ca\/en\/about-us\/team\/","title":{"rendered":"Team"},"content":{"rendered":"\t\t<div data-elementor-type=\"wp-page\" data-elementor-id=\"1852\" class=\"elementor elementor-1852 elementor-1672\" data-elementor-post-type=\"page\">\n\t\t\t\t\t\t<section class=\"elementor-section elementor-top-section elementor-element elementor-element-5ddf541 elementor-section-content-top elementor-section-boxed elementor-section-height-default elementor-section-height-default\" data-id=\"5ddf541\" data-element_type=\"section\" data-e-type=\"section\" data-settings=\"{&quot;background_background&quot;:&quot;classic&quot;}\">\n\t\t\t\t\t\t<div class=\"elementor-container elementor-column-gap-default\">\n\t\t\t\t\t<div class=\"elementor-column elementor-col-50 elementor-top-column elementor-element elementor-element-8e54316\" data-id=\"8e54316\" data-element_type=\"column\" data-e-type=\"column\">\n\t\t\t<div class=\"elementor-widget-wrap elementor-element-populated\">\n\t\t\t\t\t\t<section class=\"elementor-section elementor-inner-section elementor-element elementor-element-5fe7a04 elementor-section-boxed elementor-section-height-default elementor-section-height-default\" data-id=\"5fe7a04\" data-element_type=\"section\" data-e-type=\"section\">\n\t\t\t\t\t\t<div class=\"elementor-container elementor-column-gap-default\">\n\t\t\t\t\t<div class=\"elementor-column elementor-col-50 elementor-inner-column elementor-element elementor-element-7b2f5dd\" data-id=\"7b2f5dd\" data-element_type=\"column\" data-e-type=\"column\">\n\t\t\t<div class=\"elementor-widget-wrap elementor-element-populated\">\n\t\t\t\t\t\t<div class=\"elementor-element elementor-element-031b7c4 elementor-widget elementor-widget-text-editor\" data-id=\"031b7c4\" data-element_type=\"widget\" data-e-type=\"widget\" data-widget_type=\"text-editor.default\">\n\t\t\t\t<div class=\"elementor-widget-container\">\n\t\t\t\t\t\t\t\t\t<p><strong><img decoding=\"async\" class=\"alignleft wp-image-2945\" src=\"https:\/\/olympiquesspeciauxquebec.ca\/wp-content\/uploads\/2023\/05\/emp-francine-gendron-257x300.jpg\" alt=\"\" width=\"150\" height=\"175\" srcset=\"https:\/\/olympiquesspeciauxquebec.ca\/wp-content\/uploads\/2023\/05\/emp-francine-gendron-257x300.jpg 257w, https:\/\/olympiquesspeciauxquebec.ca\/wp-content\/uploads\/2023\/05\/emp-francine-gendron.jpg 600w\" sizes=\"(max-width: 150px) 100vw, 150px\" \/>Francine Gendron<\/strong>,<br \/>MBA, Adm.A.<br \/>Executive Director<br \/><a href=\"mailto:fgendron@olympiquesspeciaux.qc.ca\">Email<\/a><\/p>\t\t\t\t\t\t\t\t<\/div>\n\t\t\t\t<\/div>\n\t\t\t\t\t<\/div>\n\t\t<\/div>\n\t\t\t\t<div class=\"elementor-column elementor-col-50 elementor-inner-column elementor-element elementor-element-a4d4d26\" data-id=\"a4d4d26\" data-element_type=\"column\" data-e-type=\"column\">\n\t\t\t<div class=\"elementor-widget-wrap elementor-element-populated\">\n\t\t\t\t\t\t<div class=\"elementor-element elementor-element-c145c2e elementor-widget elementor-widget-text-editor\" data-id=\"c145c2e\" data-element_type=\"widget\" data-e-type=\"widget\" data-widget_type=\"text-editor.default\">\n\t\t\t\t<div class=\"elementor-widget-container\">\n\t\t\t\t\t\t\t\t\t<p><strong><img decoding=\"async\" class=\"alignleft wp-image-7484\" src=\"https:\/\/olympiquesspeciauxquebec.ca\/wp-content\/uploads\/2025\/11\/femme-25-257x300.jpg\" alt=\"\" width=\"150\" height=\"175\" srcset=\"https:\/\/olympiquesspeciauxquebec.ca\/wp-content\/uploads\/2025\/11\/femme-25-257x300.jpg 257w, https:\/\/olympiquesspeciauxquebec.ca\/wp-content\/uploads\/2025\/11\/femme-25.jpg 600w\" sizes=\"(max-width: 150px) 100vw, 150px\" \/>Rana Saab<\/strong>,<br \/>Executive Assistant<br \/><a href=\"mailto:rsaab@olympiquesspeciaux.qc.ca\">Email<\/a><\/p>\t\t\t\t\t\t\t\t<\/div>\n\t\t\t\t<\/div>\n\t\t\t\t\t<\/div>\n\t\t<\/div>\n\t\t\t\t\t<\/div>\n\t\t<\/section>\n\t\t\t\t<section class=\"elementor-section elementor-inner-section elementor-element elementor-element-1eb9c6e elementor-section-boxed elementor-section-height-default elementor-section-height-default\" data-id=\"1eb9c6e\" data-element_type=\"section\" data-e-type=\"section\">\n\t\t\t\t\t\t<div class=\"elementor-container elementor-column-gap-default\">\n\t\t\t\t\t<div class=\"elementor-column elementor-col-50 elementor-inner-column elementor-element elementor-element-586a1a3\" data-id=\"586a1a3\" data-element_type=\"column\" data-e-type=\"column\">\n\t\t\t<div class=\"elementor-widget-wrap elementor-element-populated\">\n\t\t\t\t\t\t<div class=\"elementor-element elementor-element-8abec3f elementor-widget elementor-widget-text-editor\" data-id=\"8abec3f\" data-element_type=\"widget\" data-e-type=\"widget\" data-widget_type=\"text-editor.default\">\n\t\t\t\t<div class=\"elementor-widget-container\">\n\t\t\t\t\t\t\t\t\t<p><strong><img decoding=\"async\" class=\"alignleft wp-image-2947\" src=\"https:\/\/olympiquesspeciauxquebec.ca\/wp-content\/uploads\/2023\/05\/emp-james-lapierre-257x300.jpg\" alt=\"\" width=\"150\" height=\"175\" srcset=\"https:\/\/olympiquesspeciauxquebec.ca\/wp-content\/uploads\/2023\/05\/emp-james-lapierre-257x300.jpg 257w, https:\/\/olympiquesspeciauxquebec.ca\/wp-content\/uploads\/2023\/05\/emp-james-lapierre.jpg 600w\" sizes=\"(max-width: 150px) 100vw, 150px\" \/>James Lapierre<\/strong>,<br \/>Director, Sports and competition network<br \/><a href=\"mailto:jlapierre@olympiquesspeciaux.qc.ca\">Email<\/a><\/p>\t\t\t\t\t\t\t\t<\/div>\n\t\t\t\t<\/div>\n\t\t\t\t\t<\/div>\n\t\t<\/div>\n\t\t\t\t<div class=\"elementor-column elementor-col-50 elementor-inner-column elementor-element elementor-element-50a6578\" data-id=\"50a6578\" data-element_type=\"column\" data-e-type=\"column\">\n\t\t\t<div class=\"elementor-widget-wrap elementor-element-populated\">\n\t\t\t\t\t\t<div class=\"elementor-element elementor-element-c643ac8 elementor-widget elementor-widget-text-editor\" data-id=\"c643ac8\" data-element_type=\"widget\" data-e-type=\"widget\" data-widget_type=\"text-editor.default\">\n\t\t\t\t<div class=\"elementor-widget-container\">\n\t\t\t\t\t\t\t\t\t<p><strong><img loading=\"lazy\" decoding=\"async\" class=\"alignleft wp-image-6319\" src=\"https:\/\/olympiquesspeciauxquebec.ca\/wp-content\/uploads\/2024\/08\/emp-genevieve-laurendeau-1-248x300.jpg\" alt=\"\" width=\"145\" height=\"175\" srcset=\"https:\/\/olympiquesspeciauxquebec.ca\/wp-content\/uploads\/2024\/08\/emp-genevieve-laurendeau-1-248x300.jpg 248w, https:\/\/olympiquesspeciauxquebec.ca\/wp-content\/uploads\/2024\/08\/emp-genevieve-laurendeau-1-768x928.jpg 768w, https:\/\/olympiquesspeciauxquebec.ca\/wp-content\/uploads\/2024\/08\/emp-genevieve-laurendeau-1.jpg 828w\" sizes=\"(max-width: 145px) 100vw, 145px\" \/>Genevi\u00e8ve Laurendeau, <br \/><\/strong>Regional Development Director <br \/><a href=\"mailto:glaurendeau@olympiquesspeciaux.qc.ca\">Email<\/a><\/p>\t\t\t\t\t\t\t\t<\/div>\n\t\t\t\t<\/div>\n\t\t\t\t\t<\/div>\n\t\t<\/div>\n\t\t\t\t\t<\/div>\n\t\t<\/section>\n\t\t\t\t<section class=\"elementor-section elementor-inner-section elementor-element elementor-element-906c3a8 elementor-section-boxed elementor-section-height-default elementor-section-height-default\" data-id=\"906c3a8\" data-element_type=\"section\" data-e-type=\"section\">\n\t\t\t\t\t\t<div class=\"elementor-container elementor-column-gap-default\">\n\t\t\t\t\t<div class=\"elementor-column elementor-col-50 elementor-inner-column elementor-element elementor-element-b499406\" data-id=\"b499406\" data-element_type=\"column\" data-e-type=\"column\">\n\t\t\t<div class=\"elementor-widget-wrap elementor-element-populated\">\n\t\t\t\t\t\t<div class=\"elementor-element elementor-element-648a61b elementor-widget elementor-widget-text-editor\" data-id=\"648a61b\" data-element_type=\"widget\" data-e-type=\"widget\" data-widget_type=\"text-editor.default\">\n\t\t\t\t<div class=\"elementor-widget-container\">\n\t\t\t\t\t\t\t\t\t<p><strong><img loading=\"lazy\" decoding=\"async\" class=\"alignleft wp-image-2957\" src=\"https:\/\/olympiquesspeciauxquebec.ca\/wp-content\/uploads\/2023\/05\/emp-tristan-delmas-257x300.jpg\" alt=\"\" width=\"150\" height=\"175\" srcset=\"https:\/\/olympiquesspeciauxquebec.ca\/wp-content\/uploads\/2023\/05\/emp-tristan-delmas-257x300.jpg 257w, https:\/\/olympiquesspeciauxquebec.ca\/wp-content\/uploads\/2023\/05\/emp-tristan-delmas.jpg 600w\" sizes=\"(max-width: 150px) 100vw, 150px\" \/>Tristan Delmas<\/strong>,<br \/>Director of Healthy Communities<br \/><a href=\"mailto:tdelmas@olympiquesspeciaux.qc.ca\">Email<\/a><\/p>\t\t\t\t\t\t\t\t<\/div>\n\t\t\t\t<\/div>\n\t\t\t\t\t<\/div>\n\t\t<\/div>\n\t\t\t\t<div class=\"elementor-column elementor-col-50 elementor-inner-column elementor-element elementor-element-c708918\" data-id=\"c708918\" data-element_type=\"column\" data-e-type=\"column\">\n\t\t\t<div class=\"elementor-widget-wrap elementor-element-populated\">\n\t\t\t\t\t\t<div class=\"elementor-element elementor-element-0b79e09 elementor-widget elementor-widget-text-editor\" data-id=\"0b79e09\" data-element_type=\"widget\" data-e-type=\"widget\" data-widget_type=\"text-editor.default\">\n\t\t\t\t<div class=\"elementor-widget-container\">\n\t\t\t\t\t\t\t\t\t<p><strong><img loading=\"lazy\" decoding=\"async\" class=\"alignleft wp-image-2955\" src=\"https:\/\/olympiquesspeciauxquebec.ca\/wp-content\/uploads\/2023\/05\/emp-ode-caron-257x300.jpg\" alt=\"\" width=\"150\" height=\"175\" srcset=\"https:\/\/olympiquesspeciauxquebec.ca\/wp-content\/uploads\/2023\/05\/emp-ode-caron-257x300.jpg 257w, https:\/\/olympiquesspeciauxquebec.ca\/wp-content\/uploads\/2023\/05\/emp-ode-caron.jpg 600w\" sizes=\"(max-width: 150px) 100vw, 150px\" \/>Ode Caron,<br \/><\/strong>Information Management and Compliance Director<br \/><a href=\"mailto:ocaron@olympiquesspeciaux.qc.ca\">Email<\/a><\/p>\t\t\t\t\t\t\t\t<\/div>\n\t\t\t\t<\/div>\n\t\t\t\t\t<\/div>\n\t\t<\/div>\n\t\t\t\t\t<\/div>\n\t\t<\/section>\n\t\t\t\t<section class=\"elementor-section elementor-inner-section elementor-element elementor-element-4ba3843 elementor-section-boxed elementor-section-height-default elementor-section-height-default\" data-id=\"4ba3843\" data-element_type=\"section\" data-e-type=\"section\">\n\t\t\t\t\t\t<div class=\"elementor-container elementor-column-gap-default\">\n\t\t\t\t\t<div class=\"elementor-column elementor-col-50 elementor-inner-column elementor-element elementor-element-9962079\" data-id=\"9962079\" data-element_type=\"column\" data-e-type=\"column\">\n\t\t\t<div class=\"elementor-widget-wrap elementor-element-populated\">\n\t\t\t\t\t\t<div class=\"elementor-element elementor-element-65866d6 elementor-widget elementor-widget-text-editor\" data-id=\"65866d6\" data-element_type=\"widget\" data-e-type=\"widget\" data-widget_type=\"text-editor.default\">\n\t\t\t\t<div class=\"elementor-widget-container\">\n\t\t\t\t\t\t\t\t\t<p><strong><img loading=\"lazy\" decoding=\"async\" class=\"alignleft wp-image-2949\" src=\"https:\/\/olympiquesspeciauxquebec.ca\/wp-content\/uploads\/2023\/05\/emp-karine-harvey-257x300.jpg\" alt=\"\" width=\"150\" height=\"175\" srcset=\"https:\/\/olympiquesspeciauxquebec.ca\/wp-content\/uploads\/2023\/05\/emp-karine-harvey-257x300.jpg 257w, https:\/\/olympiquesspeciauxquebec.ca\/wp-content\/uploads\/2023\/05\/emp-karine-harvey.jpg 600w\" sizes=\"(max-width: 150px) 100vw, 150px\" \/>Karine Harvey,<br \/><\/strong>Manager, Athletes Services <br \/><a href=\"mailto:kharvey@olympiquesspeciaux.qc.ca\">Email<\/a><\/p>\t\t\t\t\t\t\t\t<\/div>\n\t\t\t\t<\/div>\n\t\t\t\t\t<\/div>\n\t\t<\/div>\n\t\t\t\t<div class=\"elementor-column elementor-col-50 elementor-inner-column elementor-element elementor-element-966f299\" data-id=\"966f299\" data-element_type=\"column\" data-e-type=\"column\">\n\t\t\t<div class=\"elementor-widget-wrap elementor-element-populated\">\n\t\t\t\t\t\t<div class=\"elementor-element elementor-element-fdcbf95 elementor-widget elementor-widget-text-editor\" data-id=\"fdcbf95\" data-element_type=\"widget\" data-e-type=\"widget\" data-widget_type=\"text-editor.default\">\n\t\t\t\t<div class=\"elementor-widget-container\">\n\t\t\t\t\t\t\t\t\t<p><strong><img loading=\"lazy\" decoding=\"async\" class=\"wp-image-6279 alignleft\" src=\"https:\/\/olympiquesspeciauxquebec.ca\/wp-content\/uploads\/2024\/07\/emp-philippe-bordeleau-257x300-1.jpg\" alt=\"\" width=\"150\" height=\"175\" \/>Philippe Bordeleau,<br \/><\/strong>Development Manager \u2013 Montr\u00e9al<br \/><a href=\"mailto:pbordeleau@olympiquesspeciaux.qc.ca\">Email<\/a><\/p>\t\t\t\t\t\t\t\t<\/div>\n\t\t\t\t<\/div>\n\t\t\t\t\t<\/div>\n\t\t<\/div>\n\t\t\t\t\t<\/div>\n\t\t<\/section>\n\t\t\t\t<section class=\"elementor-section elementor-inner-section elementor-element elementor-element-cf3bfd2 elementor-section-boxed elementor-section-height-default elementor-section-height-default\" data-id=\"cf3bfd2\" data-element_type=\"section\" data-e-type=\"section\">\n\t\t\t\t\t\t<div class=\"elementor-container elementor-column-gap-default\">\n\t\t\t\t\t<div class=\"elementor-column elementor-col-50 elementor-inner-column elementor-element elementor-element-f4ef371\" data-id=\"f4ef371\" data-element_type=\"column\" data-e-type=\"column\">\n\t\t\t<div class=\"elementor-widget-wrap elementor-element-populated\">\n\t\t\t\t\t\t<div class=\"elementor-element elementor-element-bb6e703 elementor-widget elementor-widget-text-editor\" data-id=\"bb6e703\" data-element_type=\"widget\" data-e-type=\"widget\" data-widget_type=\"text-editor.default\">\n\t\t\t\t<div class=\"elementor-widget-container\">\n\t\t\t\t\t\t\t\t\t<p><strong><img decoding=\"async\" class=\"alignleft wp-image-7484\" src=\"https:\/\/olympiquesspeciauxquebec.ca\/wp-content\/uploads\/2025\/11\/femme-25-257x300.jpg\" alt=\"\" width=\"150\" height=\"175\" srcset=\"https:\/\/olympiquesspeciauxquebec.ca\/wp-content\/uploads\/2025\/11\/femme-25-257x300.jpg 257w, https:\/\/olympiquesspeciauxquebec.ca\/wp-content\/uploads\/2025\/11\/femme-25.jpg 600w\" sizes=\"(max-width: 150px) 100vw, 150px\" \/>Marion Laidet<\/strong>,<br \/>Development Manager \u2013 Mauricie-Centre-du-Qu\u00e9bec<br \/><a href=\"mailto:mlaidet@olympiquesspeciaux.qc.ca\">Email<\/a><\/p>\t\t\t\t\t\t\t\t<\/div>\n\t\t\t\t<\/div>\n\t\t\t\t\t<\/div>\n\t\t<\/div>\n\t\t\t\t<div class=\"elementor-column elementor-col-50 elementor-inner-column elementor-element elementor-element-3692599\" data-id=\"3692599\" data-element_type=\"column\" data-e-type=\"column\">\n\t\t\t<div class=\"elementor-widget-wrap elementor-element-populated\">\n\t\t\t\t\t\t<div class=\"elementor-element elementor-element-58af38b elementor-widget elementor-widget-text-editor\" data-id=\"58af38b\" data-element_type=\"widget\" data-e-type=\"widget\" data-widget_type=\"text-editor.default\">\n\t\t\t\t<div class=\"elementor-widget-container\">\n\t\t\t\t\t\t\t\t\t<p><strong><img loading=\"lazy\" decoding=\"async\" class=\"wp-image-7484 alignleft\" src=\"https:\/\/olympiquesspeciauxquebec.ca\/wp-content\/uploads\/2025\/11\/femme-25-257x300.jpg\" alt=\"\" width=\"150\" height=\"175\" srcset=\"https:\/\/olympiquesspeciauxquebec.ca\/wp-content\/uploads\/2025\/11\/femme-25-257x300.jpg 257w, https:\/\/olympiquesspeciauxquebec.ca\/wp-content\/uploads\/2025\/11\/femme-25.jpg 600w\" sizes=\"(max-width: 150px) 100vw, 150px\" \/>Kim Robillard,<br \/><\/strong>Development Manager \u2013 Laurentides<br \/><a href=\"mailto:krobillard@olympiquesspeciaux.qc.ca\">Email<\/a><\/p>\t\t\t\t\t\t\t\t<\/div>\n\t\t\t\t<\/div>\n\t\t\t\t\t<\/div>\n\t\t<\/div>\n\t\t\t\t\t<\/div>\n\t\t<\/section>\n\t\t\t\t<section class=\"elementor-section elementor-inner-section elementor-element elementor-element-d8331ea elementor-section-boxed elementor-section-height-default elementor-section-height-default\" data-id=\"d8331ea\" data-element_type=\"section\" data-e-type=\"section\">\n\t\t\t\t\t\t<div class=\"elementor-container elementor-column-gap-default\">\n\t\t\t\t\t<div class=\"elementor-column elementor-col-50 elementor-inner-column elementor-element elementor-element-5b743e1\" data-id=\"5b743e1\" data-element_type=\"column\" data-e-type=\"column\">\n\t\t\t<div class=\"elementor-widget-wrap elementor-element-populated\">\n\t\t\t\t\t\t<div class=\"elementor-element elementor-element-07d2bb6 elementor-widget elementor-widget-text-editor\" data-id=\"07d2bb6\" data-element_type=\"widget\" data-e-type=\"widget\" data-widget_type=\"text-editor.default\">\n\t\t\t\t<div class=\"elementor-widget-container\">\n\t\t\t\t\t\t\t\t\t<p><strong><img decoding=\"async\" class=\"alignleft wp-image-7484\" src=\"https:\/\/olympiquesspeciauxquebec.ca\/wp-content\/uploads\/2025\/11\/femme-25-257x300.jpg\" alt=\"\" width=\"150\" height=\"175\" srcset=\"https:\/\/olympiquesspeciauxquebec.ca\/wp-content\/uploads\/2025\/11\/femme-25-257x300.jpg 257w, https:\/\/olympiquesspeciauxquebec.ca\/wp-content\/uploads\/2025\/11\/femme-25.jpg 600w\" sizes=\"(max-width: 150px) 100vw, 150px\" \/>Janelly Couture,<br \/><\/strong>Development Manager \u2013 Estrie-Richelieu-Yamaska<br \/><a href=\"mailto:jcouture@olympiquesspeciaux.qc.ca\">Email<\/a><\/p>\t\t\t\t\t\t\t\t<\/div>\n\t\t\t\t<\/div>\n\t\t\t\t\t<\/div>\n\t\t<\/div>\n\t\t\t\t<div class=\"elementor-column elementor-col-50 elementor-inner-column elementor-element elementor-element-922b627\" data-id=\"922b627\" data-element_type=\"column\" data-e-type=\"column\">\n\t\t\t<div class=\"elementor-widget-wrap elementor-element-populated\">\n\t\t\t\t\t\t<div class=\"elementor-element elementor-element-5ed582f elementor-widget elementor-widget-text-editor\" data-id=\"5ed582f\" data-element_type=\"widget\" data-e-type=\"widget\" data-widget_type=\"text-editor.default\">\n\t\t\t\t<div class=\"elementor-widget-container\">\n\t\t\t\t\t\t\t\t\t<p><strong><img loading=\"lazy\" decoding=\"async\" class=\"wp-image-4080 alignleft\" src=\"https:\/\/olympiquesspeciauxquebec.ca\/wp-content\/uploads\/2023\/08\/emp-claude-letourneau-257x300.jpg\" alt=\"\" width=\"150\" height=\"175\" srcset=\"https:\/\/olympiquesspeciauxquebec.ca\/wp-content\/uploads\/2023\/08\/emp-claude-letourneau-257x300.jpg 257w, https:\/\/olympiquesspeciauxquebec.ca\/wp-content\/uploads\/2023\/08\/emp-claude-letourneau.jpg 600w\" sizes=\"(max-width: 150px) 100vw, 150px\" \/>Claude L\u00e9tourneau, <br \/><\/strong>Manager, Sports and competition network<br \/><a href=\"mailto:cletourneau@olympiquesspeciaux.qc.ca\">Email<\/a><\/p>\t\t\t\t\t\t\t\t<\/div>\n\t\t\t\t<\/div>\n\t\t\t\t\t<\/div>\n\t\t<\/div>\n\t\t\t\t\t<\/div>\n\t\t<\/section>\n\t\t\t\t<section class=\"elementor-section elementor-inner-section elementor-element elementor-element-0687647 elementor-section-boxed elementor-section-height-default elementor-section-height-default\" data-id=\"0687647\" data-element_type=\"section\" data-e-type=\"section\">\n\t\t\t\t\t\t<div class=\"elementor-container elementor-column-gap-default\">\n\t\t\t\t\t<div class=\"elementor-column elementor-col-50 elementor-inner-column elementor-element elementor-element-d8b4786\" data-id=\"d8b4786\" data-element_type=\"column\" data-e-type=\"column\">\n\t\t\t<div class=\"elementor-widget-wrap elementor-element-populated\">\n\t\t\t\t\t\t<div class=\"elementor-element elementor-element-d44a1a8 elementor-widget elementor-widget-text-editor\" data-id=\"d44a1a8\" data-element_type=\"widget\" data-e-type=\"widget\" data-widget_type=\"text-editor.default\">\n\t\t\t\t<div class=\"elementor-widget-container\">\n\t\t\t\t\t\t\t\t\t<p><strong><img loading=\"lazy\" decoding=\"async\" class=\"wp-image-7486 alignleft\" src=\"https:\/\/olympiquesspeciauxquebec.ca\/wp-content\/uploads\/2025\/11\/homme-25-257x300.jpg\" alt=\"\" width=\"150\" height=\"175\" srcset=\"https:\/\/olympiquesspeciauxquebec.ca\/wp-content\/uploads\/2025\/11\/homme-25-257x300.jpg 257w, https:\/\/olympiquesspeciauxquebec.ca\/wp-content\/uploads\/2025\/11\/homme-25.jpg 600w\" sizes=\"(max-width: 150px) 100vw, 150px\" \/>Pierre-Olivier Dionne,<br \/><\/strong>Events, partnerships and sponsorships manager<br \/><a href=\"mailto:pdionne@olympiquesspeciaux.qc.ca\">Email<\/a><\/p>\t\t\t\t\t\t\t\t<\/div>\n\t\t\t\t<\/div>\n\t\t\t\t\t<\/div>\n\t\t<\/div>\n\t\t\t\t<div class=\"elementor-column elementor-col-50 elementor-inner-column elementor-element elementor-element-031d8eb\" data-id=\"031d8eb\" data-element_type=\"column\" data-e-type=\"column\">\n\t\t\t<div class=\"elementor-widget-wrap elementor-element-populated\">\n\t\t\t\t\t\t<div class=\"elementor-element elementor-element-18a1316 elementor-widget elementor-widget-text-editor\" data-id=\"18a1316\" data-element_type=\"widget\" data-e-type=\"widget\" data-widget_type=\"text-editor.default\">\n\t\t\t\t<div class=\"elementor-widget-container\">\n\t\t\t\t\t\t\t\t\t<p><strong><img loading=\"lazy\" decoding=\"async\" class=\"wp-image-7484 alignleft\" src=\"https:\/\/olympiquesspeciauxquebec.ca\/wp-content\/uploads\/2025\/11\/femme-25-257x300.jpg\" alt=\"\" width=\"150\" height=\"175\" srcset=\"https:\/\/olympiquesspeciauxquebec.ca\/wp-content\/uploads\/2025\/11\/femme-25-257x300.jpg 257w, https:\/\/olympiquesspeciauxquebec.ca\/wp-content\/uploads\/2025\/11\/femme-25.jpg 600w\" sizes=\"(max-width: 150px) 100vw, 150px\" \/>Myrlande Petit-Phar,<br \/><\/strong>Accounting Manager<br \/><a href=\"mailto:comptabilite@olympiquesspeciaux.qc.ca\">Email<\/a><\/p>\t\t\t\t\t\t\t\t<\/div>\n\t\t\t\t<\/div>\n\t\t\t\t\t<\/div>\n\t\t<\/div>\n\t\t\t\t\t<\/div>\n\t\t<\/section>\n\t\t\t\t<section class=\"elementor-section elementor-inner-section elementor-element elementor-element-0c87522 elementor-section-boxed elementor-section-height-default elementor-section-height-default\" data-id=\"0c87522\" data-element_type=\"section\" data-e-type=\"section\">\n\t\t\t\t\t\t<div class=\"elementor-container elementor-column-gap-default\">\n\t\t\t\t\t<div class=\"elementor-column elementor-col-50 elementor-inner-column elementor-element elementor-element-58b4d12\" data-id=\"58b4d12\" data-element_type=\"column\" data-e-type=\"column\">\n\t\t\t<div class=\"elementor-widget-wrap elementor-element-populated\">\n\t\t\t\t\t\t<div class=\"elementor-element elementor-element-e589c24 elementor-widget elementor-widget-text-editor\" data-id=\"e589c24\" data-element_type=\"widget\" data-e-type=\"widget\" data-widget_type=\"text-editor.default\">\n\t\t\t\t<div class=\"elementor-widget-container\">\n\t\t\t\t\t\t\t\t\t<p><strong><img loading=\"lazy\" decoding=\"async\" class=\"wp-image-7484 alignleft\" src=\"https:\/\/olympiquesspeciauxquebec.ca\/wp-content\/uploads\/2025\/11\/femme-25-257x300.jpg\" alt=\"\" width=\"150\" height=\"175\" srcset=\"https:\/\/olympiquesspeciauxquebec.ca\/wp-content\/uploads\/2025\/11\/femme-25-257x300.jpg 257w, https:\/\/olympiquesspeciauxquebec.ca\/wp-content\/uploads\/2025\/11\/femme-25.jpg 600w\" sizes=\"(max-width: 150px) 100vw, 150px\" \/>Lucy Brazeau,<br \/><\/strong>Database Manager<br \/><a href=\"mailto:info@olympiquesspeciaux.qc.ca\">Email<\/a><\/p>\t\t\t\t\t\t\t\t<\/div>\n\t\t\t\t<\/div>\n\t\t\t\t\t<\/div>\n\t\t<\/div>\n\t\t\t\t<div class=\"elementor-column elementor-col-50 elementor-inner-column elementor-element elementor-element-8daf1a9\" data-id=\"8daf1a9\" data-element_type=\"column\" data-e-type=\"column\">\n\t\t\t<div class=\"elementor-widget-wrap\">\n\t\t\t\t\t\t\t<\/div>\n\t\t<\/div>\n\t\t\t\t\t<\/div>\n\t\t<\/section>\n\t\t\t\t\t<\/div>\n\t\t<\/div>\n\t\t\t\t<div class=\"elementor-column elementor-col-50 elementor-top-column elementor-element elementor-element-717a1c2\" data-id=\"717a1c2\" data-element_type=\"column\" data-e-type=\"column\">\n\t\t\t<div class=\"elementor-widget-wrap elementor-element-populated\">\n\t\t\t\t\t\t<div class=\"elementor-element elementor-element-db83535 elementor-widget elementor-widget-template\" data-id=\"db83535\" data-element_type=\"widget\" data-e-type=\"widget\" data-widget_type=\"template.default\">\n\t\t\t\t<div class=\"elementor-widget-container\">\n\t\t\t\t\t\t\t<div class=\"elementor-template\">\n\t\t\t\t\t<div data-elementor-type=\"section\" data-elementor-id=\"1958\" class=\"elementor elementor-1958 elementor-1313 elementor-1313\" data-elementor-post-type=\"elementor_library\">\n\t\t\t\t\t<section class=\"elementor-section elementor-top-section elementor-element elementor-element-477101e elementor-section-full_width elementor-section-content-top elementor-section-height-default elementor-section-height-default\" data-id=\"477101e\" data-element_type=\"section\" data-e-type=\"section\">\n\t\t\t\t\t\t<div class=\"elementor-container elementor-column-gap-default\">\n\t\t\t\t\t<div class=\"elementor-column elementor-col-100 elementor-top-column elementor-element elementor-element-ba53bb9\" data-id=\"ba53bb9\" data-element_type=\"column\" data-e-type=\"column\">\n\t\t\t<div class=\"elementor-widget-wrap elementor-element-populated\">\n\t\t\t\t\t\t<div class=\"elementor-element elementor-element-34d6ff9 elementor-widget elementor-widget-heading\" data-id=\"34d6ff9\" data-element_type=\"widget\" data-e-type=\"widget\" data-widget_type=\"heading.default\">\n\t\t\t\t<div class=\"elementor-widget-container\">\n\t\t\t\t\t<h2 class=\"elementor-heading-title elementor-size-default\">Recent news\n<\/h2>\t\t\t\t<\/div>\n\t\t\t\t<\/div>\n\t\t\t\t<div class=\"elementor-element elementor-element-db274c7 elementor-widget elementor-widget-shortcode\" data-id=\"db274c7\" data-element_type=\"widget\" data-e-type=\"widget\" data-widget_type=\"shortcode.default\">\n\t\t\t\t<div class=\"elementor-widget-container\">\n\t\t\t\t\t\n\t\t\t\t\n     \n\t\t\t<div class=\"elementor-element elementor-element-83cedc2 elementor-element-34d6ff9 elementor-widget elementor-widget-heading\" data-id=\"83cedc2\" data-element_type=\"widget\" data-widget_type=\"heading.default\">\n\t\t\t\t<div class=\"elementor-widget-container\">\n\t\t\t\t\t<h2 class=\"elementor-heading-title elementor-size-default\"> Upcoming events <\/h2>\t\t\n\t\t\t\t<\/div>\n\t\t\t<\/div>\n\n       \n\t\t<div class=\"elementor-element elementor-element-5d4bce3  elementor-element-87d8761 elementor-grid-1 elementor-posts--thumbnail-left elementor-posts--align-left elementor-grid-tablet-2 elementor-grid-mobile-1 elementor-widget elementor-widget-posts\" data-id=\"87d8761\" data-element_type=\"widget\" data-settings=\"{&quot;classic_columns&quot;:&quot;1&quot;,&quot;classic_row_gap&quot;:{&quot;unit&quot;:&quot;px&quot;,&quot;size&quot;:45,&quot;sizes&quot;:[]},&quot;classic_columns_tablet&quot;:&quot;2&quot;,&quot;classic_columns_mobile&quot;:&quot;1&quot;,&quot;classic_row_gap_tablet&quot;:{&quot;unit&quot;:&quot;px&quot;,&quot;size&quot;:&quot;&quot;,&quot;sizes&quot;:[]},&quot;classic_row_gap_mobile&quot;:{&quot;unit&quot;:&quot;px&quot;,&quot;size&quot;:&quot;&quot;,&quot;sizes&quot;:[]}}\" data-widget_type=\"posts.classic\">\n\t\t\t\t<div class=\"elementor-widget-container\"> \n\t\t\t \t\t<div class=\"elementor-posts-container elementor-posts elementor-posts--skin-classic elementor-grid elementor-has-item-ratio\">\n    \n\t\t\t<\/div>\n\t\t<\/div> \n    <\/div>\n\t\t<div class=\"elementor-shortcode\"><\/div>\n\t\t\t\t\t\t<\/div>\n\t\t\t\t<\/div>\n\t\t\t\t\t<\/div>\n\t\t<\/div>\n\t\t\t\t\t<\/div>\n\t\t<\/section>\n\t\t\t\t<\/div>\n\t\t\t\t<\/div>\n\t\t\t\t\t\t<\/div>\n\t\t\t\t<\/div>\n\t\t\t\t<div class=\"elementor-element elementor-element-810c4de elementor-widget elementor-widget-spacer\" data-id=\"810c4de\" data-element_type=\"widget\" data-e-type=\"widget\" data-widget_type=\"spacer.default\">\n\t\t\t\t<div class=\"elementor-widget-container\">\n\t\t\t\t\t\t\t<div class=\"elementor-spacer\">\n\t\t\t<div class=\"elementor-spacer-inner\"><\/div>\n\t\t<\/div>\n\t\t\t\t\t\t<\/div>\n\t\t\t\t<\/div>\n\t\t\t\t\t<\/div>\n\t\t<\/div>\n\t\t\t\t\t<\/div>\n\t\t<\/section>\n\t\t\t\t<\/div>\n\t\t","protected":false},"excerpt":{"rendered":"<p>Francine Gendron,MBA, Adm.A.Executive DirectorEmail Rana Saab,Executive AssistantEmail James Lapierre,Director, Sports and competition networkEmail Genevi\u00e8ve Laurendeau, Regional Development Director Email Tristan Delmas,Director of Healthy CommunitiesEmail Ode Caron,Information Management and Compliance DirectorEmail Karine Harvey,Manager, Athletes Services Email Philippe Bordeleau,Development Manager \u2013 Montr\u00e9alEmail Marion Laidet,Development Manager \u2013 Mauricie-Centre-du-Qu\u00e9becEmail Kim Robillard,Development Manager \u2013 LaurentidesEmail Janelly Couture,Development Manager \u2013 Estrie-Richelieu-YamaskaEmail [&hellip;]<\/p>\n","protected":false},"author":1,"featured_media":0,"parent":1848,"menu_order":5,"comment_status":"closed","ping_status":"closed","template":"elementor_header_footer","meta":{"_acf_changed":false,"site-sidebar-layout":"default","site-content-layout":"","ast-site-content-layout":"default","site-content-style":"default","site-sidebar-style":"default","ast-global-header-display":"","ast-banner-title-visibility":"","ast-main-header-display":"","ast-hfb-above-header-display":"","ast-hfb-below-header-display":"","ast-hfb-mobile-header-display":"","site-post-title":"disabled","ast-breadcrumbs-content":"","ast-featured-img":"","footer-sml-layout":"","ast-disable-related-posts":"","theme-transparent-header-meta":"","adv-header-id-meta":"","stick-header-meta":"","header-above-stick-meta":"","header-main-stick-meta":"","header-below-stick-meta":"","astra-migrate-meta-layouts":"default","ast-page-background-enabled":"default","ast-page-background-meta":{"desktop":{"background-color":"var(--ast-global-color-4)","background-image":"","background-repeat":"repeat","background-position":"center center","background-size":"auto","background-attachment":"scroll","background-type":"","background-media":"","overlay-type":"","overlay-color":"","overlay-opacity":"","overlay-gradient":""},"tablet":{"background-color":"","background-image":"","background-repeat":"repeat","background-position":"center center","background-size":"auto","background-attachment":"scroll","background-type":"","background-media":"","overlay-type":"","overlay-color":"","overlay-opacity":"","overlay-gradient":""},"mobile":{"background-color":"","background-image":"","background-repeat":"repeat","background-position":"center center","background-size":"auto","background-attachment":"scroll","background-type":"","background-media":"","overlay-type":"","overlay-color":"","overlay-opacity":"","overlay-gradient":""}},"ast-content-background-meta":{"desktop":{"background-color":"var(--ast-global-color-5)","background-image":"","background-repeat":"repeat","background-position":"center center","background-size":"auto","background-attachment":"scroll","background-type":"","background-media":"","overlay-type":"","overlay-color":"","overlay-opacity":"","overlay-gradient":""},"tablet":{"background-color":"var(--ast-global-color-5)","background-image":"","background-repeat":"repeat","background-position":"center center","background-size":"auto","background-attachment":"scroll","background-type":"","background-media":"","overlay-type":"","overlay-color":"","overlay-opacity":"","overlay-gradient":""},"mobile":{"background-color":"var(--ast-global-color-5)","background-image":"","background-repeat":"repeat","background-position":"center center","background-size":"auto","background-attachment":"scroll","background-type":"","background-media":"","overlay-type":"","overlay-color":"","overlay-opacity":"","overlay-gradient":""}},"footnotes":""},"class_list":["post-1852","page","type-page","status-publish","hentry"],"acf":[],"yoast_head":"<!-- This site is optimized with the Yoast SEO plugin v26.9 - https:\/\/yoast.com\/product\/yoast-seo-wordpress\/ -->\n<title>Team - Olympiques sp\u00e9ciaux Qu\u00e9bec<\/title>\n<meta name=\"robots\" content=\"index, follow, max-snippet:-1, max-image-preview:large, max-video-preview:-1\" \/>\n<link rel=\"canonical\" href=\"https:\/\/olympiquesspeciauxquebec.ca\/en\/about-us\/team\/\" \/>\n<meta property=\"og:locale\" content=\"en_US\" \/>\n<meta property=\"og:type\" content=\"article\" \/>\n<meta property=\"og:title\" content=\"Team - Olympiques sp\u00e9ciaux Qu\u00e9bec\" \/>\n<meta property=\"og:description\" content=\"Francine Gendron,MBA, Adm.A.Executive DirectorEmail Rana Saab,Executive AssistantEmail James Lapierre,Director, Sports and competition networkEmail Genevi\u00e8ve Laurendeau, Regional Development Director Email Tristan Delmas,Director of Healthy CommunitiesEmail Ode Caron,Information Management and Compliance DirectorEmail Karine Harvey,Manager, Athletes Services Email Philippe Bordeleau,Development Manager \u2013 Montr\u00e9alEmail Marion Laidet,Development Manager \u2013 Mauricie-Centre-du-Qu\u00e9becEmail Kim Robillard,Development Manager \u2013 LaurentidesEmail Janelly Couture,Development Manager \u2013 Estrie-Richelieu-YamaskaEmail [&hellip;]\" \/>\n<meta property=\"og:url\" content=\"https:\/\/olympiquesspeciauxquebec.ca\/en\/about-us\/team\/\" \/>\n<meta property=\"og:site_name\" content=\"Olympiques sp\u00e9ciaux Qu\u00e9bec\" \/>\n<meta property=\"article:publisher\" content=\"https:\/\/www.facebook.com\/olympiquesspeciauxquebec\" \/>\n<meta property=\"article:modified_time\" content=\"2026-01-29T16:46:05+00:00\" \/>\n<meta property=\"og:image\" content=\"https:\/\/olympiquesspeciauxquebec.ca\/wp-content\/uploads\/2023\/05\/emp-francine-gendron.jpg\" \/>\n\t<meta property=\"og:image:width\" content=\"600\" \/>\n\t<meta property=\"og:image:height\" content=\"700\" \/>\n\t<meta property=\"og:image:type\" content=\"image\/jpeg\" \/>\n<meta name=\"twitter:card\" content=\"summary_large_image\" \/>\n<meta name=\"twitter:site\" content=\"@AthletesOSQ\" \/>\n<meta name=\"twitter:label1\" content=\"Est. reading time\" \/>\n\t<meta name=\"twitter:data1\" content=\"4 minutes\" \/>\n<script type=\"application\/ld+json\" class=\"yoast-schema-graph\">{\"@context\":\"https:\/\/schema.org\",\"@graph\":[{\"@type\":\"WebPage\",\"@id\":\"https:\/\/olympiquesspeciauxquebec.ca\/en\/about-us\/team\/\",\"url\":\"https:\/\/olympiquesspeciauxquebec.ca\/en\/about-us\/team\/\",\"name\":\"Team - Olympiques sp\u00e9ciaux Qu\u00e9bec\",\"isPartOf\":{\"@id\":\"https:\/\/olympiquesspeciauxquebec.ca\/#website\"},\"primaryImageOfPage\":{\"@id\":\"https:\/\/olympiquesspeciauxquebec.ca\/en\/about-us\/team\/#primaryimage\"},\"image\":{\"@id\":\"https:\/\/olympiquesspeciauxquebec.ca\/en\/about-us\/team\/#primaryimage\"},\"thumbnailUrl\":\"https:\/\/olympiquesspeciauxquebec.ca\/wp-content\/uploads\/2023\/05\/emp-francine-gendron-257x300.jpg\",\"datePublished\":\"2023-03-17T18:39:19+00:00\",\"dateModified\":\"2026-01-29T16:46:05+00:00\",\"breadcrumb\":{\"@id\":\"https:\/\/olympiquesspeciauxquebec.ca\/en\/about-us\/team\/#breadcrumb\"},\"inLanguage\":\"en-US\",\"potentialAction\":[{\"@type\":\"ReadAction\",\"target\":[\"https:\/\/olympiquesspeciauxquebec.ca\/en\/about-us\/team\/\"]}]},{\"@type\":\"ImageObject\",\"inLanguage\":\"en-US\",\"@id\":\"https:\/\/olympiquesspeciauxquebec.ca\/en\/about-us\/team\/#primaryimage\",\"url\":\"https:\/\/olympiquesspeciauxquebec.ca\/wp-content\/uploads\/2023\/05\/emp-francine-gendron-257x300.jpg\",\"contentUrl\":\"https:\/\/olympiquesspeciauxquebec.ca\/wp-content\/uploads\/2023\/05\/emp-francine-gendron-257x300.jpg\"},{\"@type\":\"BreadcrumbList\",\"@id\":\"https:\/\/olympiquesspeciauxquebec.ca\/en\/about-us\/team\/#breadcrumb\",\"itemListElement\":[{\"@type\":\"ListItem\",\"position\":1,\"name\":\"Home\",\"item\":\"https:\/\/olympiquesspeciauxquebec.ca\/en\/\"},{\"@type\":\"ListItem\",\"position\":2,\"name\":\"About us\",\"item\":\"https:\/\/olympiquesspeciauxquebec.ca\/decouvrez-nous\/\"},{\"@type\":\"ListItem\",\"position\":3,\"name\":\"Team\"}]},{\"@type\":\"WebSite\",\"@id\":\"https:\/\/olympiquesspeciauxquebec.ca\/#website\",\"url\":\"https:\/\/olympiquesspeciauxquebec.ca\/\",\"name\":\"Olympiques sp\u00e9ciaux Qu\u00e9bec\",\"description\":\"Olympiques sp\u00e9ciaux Qu\u00e9bec\",\"publisher\":{\"@id\":\"https:\/\/olympiquesspeciauxquebec.ca\/#organization\"},\"potentialAction\":[{\"@type\":\"SearchAction\",\"target\":{\"@type\":\"EntryPoint\",\"urlTemplate\":\"https:\/\/olympiquesspeciauxquebec.ca\/?s={search_term_string}\"},\"query-input\":{\"@type\":\"PropertyValueSpecification\",\"valueRequired\":true,\"valueName\":\"search_term_string\"}}],\"inLanguage\":\"en-US\"},{\"@type\":\"Organization\",\"@id\":\"https:\/\/olympiquesspeciauxquebec.ca\/#organization\",\"name\":\"Olympiques sp\u00e9ciaux Qu\u00e9bec\",\"url\":\"https:\/\/olympiquesspeciauxquebec.ca\/\",\"logo\":{\"@type\":\"ImageObject\",\"inLanguage\":\"en-US\",\"@id\":\"https:\/\/olympiquesspeciauxquebec.ca\/#\/schema\/logo\/image\/\",\"url\":\"https:\/\/olympiquesspeciauxquebec.ca\/wp-content\/uploads\/2023\/04\/logo.png\",\"contentUrl\":\"https:\/\/olympiquesspeciauxquebec.ca\/wp-content\/uploads\/2023\/04\/logo.png\",\"width\":1280,\"height\":384,\"caption\":\"Olympiques sp\u00e9ciaux Qu\u00e9bec\"},\"image\":{\"@id\":\"https:\/\/olympiquesspeciauxquebec.ca\/#\/schema\/logo\/image\/\"},\"sameAs\":[\"https:\/\/www.facebook.com\/olympiquesspeciauxquebec\",\"https:\/\/x.com\/AthletesOSQ\",\"https:\/\/www.instagram.com\/olympiques_speciaux_qc\/\",\"https:\/\/www.linkedin.com\/company\/olympiques-speciaux-quebec\/\",\"https:\/\/www.youtube.com\/@olympiquesspeciauxquebec2145\"]}]}<\/script>\n<!-- \/ Yoast SEO plugin. -->","yoast_head_json":{"title":"Team - Olympiques sp\u00e9ciaux Qu\u00e9bec","robots":{"index":"index","follow":"follow","max-snippet":"max-snippet:-1","max-image-preview":"max-image-preview:large","max-video-preview":"max-video-preview:-1"},"canonical":"https:\/\/olympiquesspeciauxquebec.ca\/en\/about-us\/team\/","og_locale":"en_US","og_type":"article","og_title":"Team - Olympiques sp\u00e9ciaux Qu\u00e9bec","og_description":"Francine Gendron,MBA, Adm.A.Executive DirectorEmail Rana Saab,Executive AssistantEmail James Lapierre,Director, Sports and competition networkEmail Genevi\u00e8ve Laurendeau, Regional Development Director Email Tristan Delmas,Director of Healthy CommunitiesEmail Ode Caron,Information Management and Compliance DirectorEmail Karine Harvey,Manager, Athletes Services Email Philippe Bordeleau,Development Manager \u2013 Montr\u00e9alEmail Marion Laidet,Development Manager \u2013 Mauricie-Centre-du-Qu\u00e9becEmail Kim Robillard,Development Manager \u2013 LaurentidesEmail Janelly Couture,Development Manager \u2013 Estrie-Richelieu-YamaskaEmail [&hellip;]","og_url":"https:\/\/olympiquesspeciauxquebec.ca\/en\/about-us\/team\/","og_site_name":"Olympiques sp\u00e9ciaux Qu\u00e9bec","article_publisher":"https:\/\/www.facebook.com\/olympiquesspeciauxquebec","article_modified_time":"2026-01-29T16:46:05+00:00","og_image":[{"width":600,"height":700,"url":"https:\/\/olympiquesspeciauxquebec.ca\/wp-content\/uploads\/2023\/05\/emp-francine-gendron.jpg","type":"image\/jpeg"}],"twitter_card":"summary_large_image","twitter_site":"@AthletesOSQ","twitter_misc":{"Est. reading time":"4 minutes"},"schema":{"@context":"https:\/\/schema.org","@graph":[{"@type":"WebPage","@id":"https:\/\/olympiquesspeciauxquebec.ca\/en\/about-us\/team\/","url":"https:\/\/olympiquesspeciauxquebec.ca\/en\/about-us\/team\/","name":"Team - Olympiques sp\u00e9ciaux Qu\u00e9bec","isPartOf":{"@id":"https:\/\/olympiquesspeciauxquebec.ca\/#website"},"primaryImageOfPage":{"@id":"https:\/\/olympiquesspeciauxquebec.ca\/en\/about-us\/team\/#primaryimage"},"image":{"@id":"https:\/\/olympiquesspeciauxquebec.ca\/en\/about-us\/team\/#primaryimage"},"thumbnailUrl":"https:\/\/olympiquesspeciauxquebec.ca\/wp-content\/uploads\/2023\/05\/emp-francine-gendron-257x300.jpg","datePublished":"2023-03-17T18:39:19+00:00","dateModified":"2026-01-29T16:46:05+00:00","breadcrumb":{"@id":"https:\/\/olympiquesspeciauxquebec.ca\/en\/about-us\/team\/#breadcrumb"},"inLanguage":"en-US","potentialAction":[{"@type":"ReadAction","target":["https:\/\/olympiquesspeciauxquebec.ca\/en\/about-us\/team\/"]}]},{"@type":"ImageObject","inLanguage":"en-US","@id":"https:\/\/olympiquesspeciauxquebec.ca\/en\/about-us\/team\/#primaryimage","url":"https:\/\/olympiquesspeciauxquebec.ca\/wp-content\/uploads\/2023\/05\/emp-francine-gendron-257x300.jpg","contentUrl":"https:\/\/olympiquesspeciauxquebec.ca\/wp-content\/uploads\/2023\/05\/emp-francine-gendron-257x300.jpg"},{"@type":"BreadcrumbList","@id":"https:\/\/olympiquesspeciauxquebec.ca\/en\/about-us\/team\/#breadcrumb","itemListElement":[{"@type":"ListItem","position":1,"name":"Home","item":"https:\/\/olympiquesspeciauxquebec.ca\/en\/"},{"@type":"ListItem","position":2,"name":"About us","item":"https:\/\/olympiquesspeciauxquebec.ca\/decouvrez-nous\/"},{"@type":"ListItem","position":3,"name":"Team"}]},{"@type":"WebSite","@id":"https:\/\/olympiquesspeciauxquebec.ca\/#website","url":"https:\/\/olympiquesspeciauxquebec.ca\/","name":"Olympiques sp\u00e9ciaux Qu\u00e9bec","description":"Olympiques sp\u00e9ciaux Qu\u00e9bec","publisher":{"@id":"https:\/\/olympiquesspeciauxquebec.ca\/#organization"},"potentialAction":[{"@type":"SearchAction","target":{"@type":"EntryPoint","urlTemplate":"https:\/\/olympiquesspeciauxquebec.ca\/?s={search_term_string}"},"query-input":{"@type":"PropertyValueSpecification","valueRequired":true,"valueName":"search_term_string"}}],"inLanguage":"en-US"},{"@type":"Organization","@id":"https:\/\/olympiquesspeciauxquebec.ca\/#organization","name":"Olympiques sp\u00e9ciaux Qu\u00e9bec","url":"https:\/\/olympiquesspeciauxquebec.ca\/","logo":{"@type":"ImageObject","inLanguage":"en-US","@id":"https:\/\/olympiquesspeciauxquebec.ca\/#\/schema\/logo\/image\/","url":"https:\/\/olympiquesspeciauxquebec.ca\/wp-content\/uploads\/2023\/04\/logo.png","contentUrl":"https:\/\/olympiquesspeciauxquebec.ca\/wp-content\/uploads\/2023\/04\/logo.png","width":1280,"height":384,"caption":"Olympiques sp\u00e9ciaux Qu\u00e9bec"},"image":{"@id":"https:\/\/olympiquesspeciauxquebec.ca\/#\/schema\/logo\/image\/"},"sameAs":["https:\/\/www.facebook.com\/olympiquesspeciauxquebec","https:\/\/x.com\/AthletesOSQ","https:\/\/www.instagram.com\/olympiques_speciaux_qc\/","https:\/\/www.linkedin.com\/company\/olympiques-speciaux-quebec\/","https:\/\/www.youtube.com\/@olympiquesspeciauxquebec2145"]}]}},"_links":{"self":[{"href":"https:\/\/olympiquesspeciauxquebec.ca\/en\/wp-json\/wp\/v2\/pages\/1852","targetHints":{"allow":["GET"]}}],"collection":[{"href":"https:\/\/olympiquesspeciauxquebec.ca\/en\/wp-json\/wp\/v2\/pages"}],"about":[{"href":"https:\/\/olympiquesspeciauxquebec.ca\/en\/wp-json\/wp\/v2\/types\/page"}],"author":[{"embeddable":true,"href":"https:\/\/olympiquesspeciauxquebec.ca\/en\/wp-json\/wp\/v2\/users\/1"}],"replies":[{"embeddable":true,"href":"https:\/\/olympiquesspeciauxquebec.ca\/en\/wp-json\/wp\/v2\/comments?post=1852"}],"version-history":[{"count":40,"href":"https:\/\/olympiquesspeciauxquebec.ca\/en\/wp-json\/wp\/v2\/pages\/1852\/revisions"}],"predecessor-version":[{"id":7771,"href":"https:\/\/olympiquesspeciauxquebec.ca\/en\/wp-json\/wp\/v2\/pages\/1852\/revisions\/7771"}],"up":[{"embeddable":true,"href":"https:\/\/olympiquesspeciauxquebec.ca\/en\/wp-json\/wp\/v2\/pages\/1848"}],"wp:attachment":[{"href":"https:\/\/olympiquesspeciauxquebec.ca\/en\/wp-json\/wp\/v2\/media?parent=1852"}],"curies":[{"name":"wp","href":"https:\/\/api.w.org\/{rel}","templated":true}]}}